{"id":44,"date":"2013-05-25T02:25:11","date_gmt":"2013-05-25T01:25:11","guid":{"rendered":"http:\/\/gregoirecharlier.be\/?page_id=44"},"modified":"2025-07-31T14:13:56","modified_gmt":"2025-07-31T13:13:56","slug":"galerie-gravures","status":"publish","type":"page","link":"https:\/\/gregoirecharlier.be\/?page_id=44","title":{"rendered":"Gravures"},"content":{"rendered":"\n<figure class=\"wp-block-image alignnone\"><a href=\"https:\/\/gregoirecharlier.be\/wp-content\/uploads\/2017\/11\/Motif-1.jpg\"><img loading=\"lazy\" decoding=\"async\" width=\"225\" height=\"300\" src=\"https:\/\/gregoirecharlier.be\/wp-content\/uploads\/2017\/11\/Motif-1-225x300.jpg\" alt=\"Motif - Gravure sur pierre bleue, finition poli noir mat\" class=\"wp-image-362\" srcset=\"https:\/\/gregoirecharlier.be\/wp-content\/uploads\/2017\/11\/Motif-1-225x300.jpg 225w, https:\/\/gregoirecharlier.be\/wp-content\/uploads\/2017\/11\/Motif-1.jpg 450w\" sizes=\"auto, (max-width: 225px) 100vw, 225px\" \/><\/a><figcaption class=\"wp-element-caption\">Motif arabe &#8211; Gravure sur pierre bleue, finition poli noir mat<\/figcaption><\/figure>\n\n\n\n<figure class=\"wp-block-image alignnone\"><a href=\"https:\/\/gregoirecharlier.be\/wp-content\/uploads\/2018\/04\/29343204_425906847841475_5468354955427446784_o.jpg\"><img loading=\"lazy\" decoding=\"async\" width=\"181\" height=\"300\" src=\"https:\/\/gregoirecharlier.be\/wp-content\/uploads\/2018\/04\/29343204_425906847841475_5468354955427446784_o-181x300.jpg\" alt=\"\" class=\"wp-image-436\" srcset=\"https:\/\/gregoirecharlier.be\/wp-content\/uploads\/2018\/04\/29343204_425906847841475_5468354955427446784_o-181x300.jpg 181w, https:\/\/gregoirecharlier.be\/wp-content\/uploads\/2018\/04\/29343204_425906847841475_5468354955427446784_o.jpg 362w\" sizes=\"auto, (max-width: 181px) 100vw, 181px\" \/><\/a><figcaption class=\"wp-element-caption\">Chat &#8211; Gravure sur pierre bleue, finition piquet\u00e9 fin et poli noir brillant (inspiration art nouveau)<\/figcaption><\/figure>\n\n\n\n<figure class=\"wp-block-image alignnone\"><a href=\"https:\/\/gregoirecharlier.be\/wp-content\/uploads\/2018\/04\/30265284_433662033732623_7764852725690400768_o.jpg\"><img loading=\"lazy\" decoding=\"async\" width=\"223\" height=\"300\" src=\"https:\/\/gregoirecharlier.be\/wp-content\/uploads\/2018\/04\/30265284_433662033732623_7764852725690400768_o-223x300.jpg\" alt=\"\" class=\"wp-image-440\" srcset=\"https:\/\/gregoirecharlier.be\/wp-content\/uploads\/2018\/04\/30265284_433662033732623_7764852725690400768_o-223x300.jpg 223w, https:\/\/gregoirecharlier.be\/wp-content\/uploads\/2018\/04\/30265284_433662033732623_7764852725690400768_o.jpg 446w\" sizes=\"auto, (max-width: 223px) 100vw, 223px\" \/><\/a><figcaption class=\"wp-element-caption\">Loup &#8211; Gravure sur pierre bleue, finition piquet\u00e9 fin et poli noir<\/figcaption><\/figure>\n\n\n\n<figure class=\"wp-block-image alignnone\"><a href=\"https:\/\/gregoirecharlier.be\/wp-content\/uploads\/2018\/04\/30264227_433727607059399_5640186087155433472_o.jpg\"><img loading=\"lazy\" decoding=\"async\" width=\"300\" height=\"225\" src=\"https:\/\/gregoirecharlier.be\/wp-content\/uploads\/2018\/04\/30264227_433727607059399_5640186087155433472_o-300x225.jpg\" alt=\"\" class=\"wp-image-439\" srcset=\"https:\/\/gregoirecharlier.be\/wp-content\/uploads\/2018\/04\/30264227_433727607059399_5640186087155433472_o-300x225.jpg 300w, https:\/\/gregoirecharlier.be\/wp-content\/uploads\/2018\/04\/30264227_433727607059399_5640186087155433472_o.jpg 600w\" sizes=\"auto, (max-width: 300px) 100vw, 300px\" \/><\/a><figcaption class=\"wp-element-caption\">Cheval et loup &#8211; Gravure sur pierre bleue, finition piquet\u00e9 fin et poli noir<\/figcaption><\/figure>\n\n\n\n<figure class=\"wp-block-image size-large\"><a href=\"https:\/\/gregoirecharlier.be\/wp-content\/uploads\/2025\/07\/Lena.jpg\"><img loading=\"lazy\" decoding=\"async\" width=\"762\" height=\"1024\" src=\"https:\/\/gregoirecharlier.be\/wp-content\/uploads\/2025\/07\/Lena-762x1024.jpg\" alt=\"\" class=\"wp-image-549\" srcset=\"https:\/\/gregoirecharlier.be\/wp-content\/uploads\/2025\/07\/Lena-762x1024.jpg 762w, https:\/\/gregoirecharlier.be\/wp-content\/uploads\/2025\/07\/Lena-223x300.jpg 223w, https:\/\/gregoirecharlier.be\/wp-content\/uploads\/2025\/07\/Lena-768x1032.jpg 768w, https:\/\/gregoirecharlier.be\/wp-content\/uploads\/2025\/07\/Lena-624x838.jpg 624w, https:\/\/gregoirecharlier.be\/wp-content\/uploads\/2025\/07\/Lena.jpg 1072w\" sizes=\"auto, (max-width: 762px) 100vw, 762px\" \/><\/a><\/figure>\n\n\n\n<p>Portrait de profil en pierre bleue &#8211; Finition adouci noir mat et piquet\u00e9 fin<\/p>\n\n\n\n<figure class=\"wp-block-gallery has-nested-images columns-1 is-cropped wp-block-gallery-1 is-layout-flex wp-block-gallery-is-layout-flex\">\n<figure class=\"wp-block-image size-full\"><img loading=\"lazy\" decoding=\"async\" width=\"446\" height=\"600\" data-id=\"441\" src=\"https:\/\/gregoirecharlier.be\/wp-content\/uploads\/2018\/04\/30726520_438082686623891_8818882741450833920_o.jpg\" alt=\"\" class=\"wp-image-441\" srcset=\"https:\/\/gregoirecharlier.be\/wp-content\/uploads\/2018\/04\/30726520_438082686623891_8818882741450833920_o.jpg 446w, https:\/\/gregoirecharlier.be\/wp-content\/uploads\/2018\/04\/30726520_438082686623891_8818882741450833920_o-223x300.jpg 223w\" sizes=\"auto, (max-width: 446px) 100vw, 446px\" \/><\/figure>\n<\/figure>\n\n\n\n<figure class=\"wp-block-gallery has-nested-images columns-1 is-cropped wp-block-gallery-2 is-layout-flex wp-block-gallery-is-layout-flex\">\n<figure class=\"wp-block-image size-large\"><img loading=\"lazy\" decoding=\"async\" width=\"446\" height=\"600\" data-id=\"445\" src=\"https:\/\/gregoirecharlier.be\/wp-content\/uploads\/2018\/04\/30740186_438355716596588_2196650569588801536_o.jpg\" alt=\"\" class=\"wp-image-445\" srcset=\"https:\/\/gregoirecharlier.be\/wp-content\/uploads\/2018\/04\/30740186_438355716596588_2196650569588801536_o.jpg 446w, https:\/\/gregoirecharlier.be\/wp-content\/uploads\/2018\/04\/30740186_438355716596588_2196650569588801536_o-223x300.jpg 223w\" sizes=\"auto, (max-width: 446px) 100vw, 446px\" \/><\/figure>\n\n\n\n<figure class=\"wp-block-image size-large\"><img loading=\"lazy\" decoding=\"async\" width=\"446\" height=\"600\" data-id=\"442\" src=\"https:\/\/gregoirecharlier.be\/wp-content\/uploads\/2018\/04\/30726772_438456376586522_2445669882897891328_o.jpg\" alt=\"\" class=\"wp-image-442\" srcset=\"https:\/\/gregoirecharlier.be\/wp-content\/uploads\/2018\/04\/30726772_438456376586522_2445669882897891328_o.jpg 446w, https:\/\/gregoirecharlier.be\/wp-content\/uploads\/2018\/04\/30726772_438456376586522_2445669882897891328_o-223x300.jpg 223w\" sizes=\"auto, (max-width: 446px) 100vw, 446px\" \/><\/figure>\n\n\n\n<figure class=\"wp-block-image size-large\"><img loading=\"lazy\" decoding=\"async\" width=\"446\" height=\"600\" data-id=\"443\" src=\"https:\/\/gregoirecharlier.be\/wp-content\/uploads\/2018\/04\/30729141_438232526608907_2175623290175881216_o.jpg\" alt=\"\" class=\"wp-image-443\" srcset=\"https:\/\/gregoirecharlier.be\/wp-content\/uploads\/2018\/04\/30729141_438232526608907_2175623290175881216_o.jpg 446w, https:\/\/gregoirecharlier.be\/wp-content\/uploads\/2018\/04\/30729141_438232526608907_2175623290175881216_o-223x300.jpg 223w\" sizes=\"auto, (max-width: 446px) 100vw, 446px\" \/><\/figure>\n\n\n\n<figure class=\"wp-block-image size-large\"><img loading=\"lazy\" decoding=\"async\" width=\"762\" height=\"1024\" data-id=\"432\" src=\"https:\/\/gregoirecharlier.be\/wp-content\/uploads\/2018\/04\/FB_IMG_1523820174210-762x1024.jpg\" alt=\"\" class=\"wp-image-432\" srcset=\"https:\/\/gregoirecharlier.be\/wp-content\/uploads\/2018\/04\/FB_IMG_1523820174210-762x1024.jpg 762w, https:\/\/gregoirecharlier.be\/wp-content\/uploads\/2018\/04\/FB_IMG_1523820174210-223x300.jpg 223w, https:\/\/gregoirecharlier.be\/wp-content\/uploads\/2018\/04\/FB_IMG_1523820174210-768x1032.jpg 768w, https:\/\/gregoirecharlier.be\/wp-content\/uploads\/2018\/04\/FB_IMG_1523820174210-624x838.jpg 624w, https:\/\/gregoirecharlier.be\/wp-content\/uploads\/2018\/04\/FB_IMG_1523820174210.jpg 1072w\" sizes=\"auto, (max-width: 762px) 100vw, 762px\" \/><\/figure>\n\n\n\n<figure class=\"wp-block-image size-large\"><img loading=\"lazy\" decoding=\"async\" width=\"600\" height=\"450\" data-id=\"437\" src=\"https:\/\/gregoirecharlier.be\/wp-content\/uploads\/2018\/04\/29790384_433119240453569_1605053549375389696_o.jpg\" alt=\"\" class=\"wp-image-437\" srcset=\"https:\/\/gregoirecharlier.be\/wp-content\/uploads\/2018\/04\/29790384_433119240453569_1605053549375389696_o.jpg 600w, https:\/\/gregoirecharlier.be\/wp-content\/uploads\/2018\/04\/29790384_433119240453569_1605053549375389696_o-300x225.jpg 300w\" sizes=\"auto, (max-width: 600px) 100vw, 600px\" \/><\/figure>\n\n\n\n<figure class=\"wp-block-image size-large\"><img loading=\"lazy\" decoding=\"async\" width=\"600\" height=\"450\" data-id=\"358\" src=\"https:\/\/gregoirecharlier.be\/wp-content\/uploads\/2017\/11\/Gravure-Sic-Transit-Gloria-Mundi.jpg\" alt=\"\" class=\"wp-image-358\" srcset=\"https:\/\/gregoirecharlier.be\/wp-content\/uploads\/2017\/11\/Gravure-Sic-Transit-Gloria-Mundi.jpg 600w, https:\/\/gregoirecharlier.be\/wp-content\/uploads\/2017\/11\/Gravure-Sic-Transit-Gloria-Mundi-300x225.jpg 300w\" sizes=\"auto, (max-width: 600px) 100vw, 600px\" \/><\/figure>\n<\/figure>\n\n\n\n<figure class=\"wp-block-image alignnone\"><a href=\"https:\/\/gregoirecharlier.be\/wp-content\/uploads\/2018\/03\/20180315_182536.jpg\"><img loading=\"lazy\" decoding=\"async\" width=\"225\" height=\"300\" src=\"https:\/\/gregoirecharlier.be\/wp-content\/uploads\/2018\/03\/20180315_182536-225x300.jpg\" alt=\"\" class=\"wp-image-397\" srcset=\"https:\/\/gregoirecharlier.be\/wp-content\/uploads\/2018\/03\/20180315_182536-225x300.jpg 225w, https:\/\/gregoirecharlier.be\/wp-content\/uploads\/2018\/03\/20180315_182536.jpg 450w\" sizes=\"auto, (max-width: 225px) 100vw, 225px\" \/><\/a><figcaption class=\"wp-element-caption\">Main de Fatma &#8211; Gravure sur pierre bleue, finition piquet\u00e9 fin et poli noir brillant<\/figcaption><\/figure>\n\n\n\n<figure class=\"wp-block-gallery has-nested-images columns-3 is-cropped wp-block-gallery-3 is-layout-flex wp-block-gallery-is-layout-flex\">\n<figure class=\"wp-block-image size-large\"><img loading=\"lazy\" decoding=\"async\" width=\"450\" height=\"600\" data-id=\"398\" src=\"https:\/\/gregoirecharlier.be\/wp-content\/uploads\/2018\/03\/20180315_182030.jpg\" alt=\"\" class=\"wp-image-398\" srcset=\"https:\/\/gregoirecharlier.be\/wp-content\/uploads\/2018\/03\/20180315_182030.jpg 450w, https:\/\/gregoirecharlier.be\/wp-content\/uploads\/2018\/03\/20180315_182030-225x300.jpg 225w\" sizes=\"auto, (max-width: 450px) 100vw, 450px\" \/><\/figure>\n\n\n\n<figure class=\"wp-block-image size-large\"><a href=\"https:\/\/gregoirecharlier.be\/wp-content\/uploads\/2025\/07\/Gravure-sur-pierre-bleue-Finition-brillant-noir-et-piquete-fin-1.jpg\"><img loading=\"lazy\" decoding=\"async\" width=\"762\" height=\"1024\" data-id=\"540\" src=\"https:\/\/gregoirecharlier.be\/wp-content\/uploads\/2025\/07\/Gravure-sur-pierre-bleue-Finition-brillant-noir-et-piquete-fin-1-762x1024.jpg\" alt=\"\" class=\"wp-image-540\" srcset=\"https:\/\/gregoirecharlier.be\/wp-content\/uploads\/2025\/07\/Gravure-sur-pierre-bleue-Finition-brillant-noir-et-piquete-fin-1-762x1024.jpg 762w, https:\/\/gregoirecharlier.be\/wp-content\/uploads\/2025\/07\/Gravure-sur-pierre-bleue-Finition-brillant-noir-et-piquete-fin-1-223x300.jpg 223w, https:\/\/gregoirecharlier.be\/wp-content\/uploads\/2025\/07\/Gravure-sur-pierre-bleue-Finition-brillant-noir-et-piquete-fin-1-768x1032.jpg 768w, https:\/\/gregoirecharlier.be\/wp-content\/uploads\/2025\/07\/Gravure-sur-pierre-bleue-Finition-brillant-noir-et-piquete-fin-1-624x838.jpg 624w, https:\/\/gregoirecharlier.be\/wp-content\/uploads\/2025\/07\/Gravure-sur-pierre-bleue-Finition-brillant-noir-et-piquete-fin-1.jpg 1072w\" sizes=\"auto, (max-width: 762px) 100vw, 762px\" \/><\/a><\/figure>\n<\/figure>\n\n\n\n<p>Nu (n\u00e9gatif et positif) &#8211; Gravure sur pierre bleue, finition piquet\u00e9 fin et poli noir mat. D&rsquo;apr\u00e8s l&rsquo;\u0153uvre originale de Lucien Clergue.<\/p>\n\n\n\n<figure class=\"wp-block-image alignnone\"><a href=\"https:\/\/gregoirecharlier.be\/wp-content\/uploads\/2017\/11\/Dragon.jpg\"><img loading=\"lazy\" decoding=\"async\" width=\"225\" height=\"300\" src=\"https:\/\/gregoirecharlier.be\/wp-content\/uploads\/2017\/11\/Dragon-225x300.jpg\" alt=\"Dragon - Gravure sur pierre bleue, finition poli noir brillant\" class=\"wp-image-356\" srcset=\"https:\/\/gregoirecharlier.be\/wp-content\/uploads\/2017\/11\/Dragon-225x300.jpg 225w, https:\/\/gregoirecharlier.be\/wp-content\/uploads\/2017\/11\/Dragon.jpg 450w\" sizes=\"auto, (max-width: 225px) 100vw, 225px\" \/><\/a><figcaption class=\"wp-element-caption\">Dragon &#8211; Gravure sur pierre bleue, finition poli noir brillant<\/figcaption><\/figure>\n\n\n\n<figure class=\"wp-block-image alignnone\"><a href=\"https:\/\/gregoirecharlier.be\/wp-content\/uploads\/2017\/11\/Chat-2.jpg\"><img loading=\"lazy\" decoding=\"async\" width=\"225\" height=\"300\" src=\"https:\/\/gregoirecharlier.be\/wp-content\/uploads\/2017\/11\/Chat-2-225x300.jpg\" alt=\"Chat stylis\u00e9 - Gravure sur pierre bleue, finition poli noir brillant\" class=\"wp-image-355\" srcset=\"https:\/\/gregoirecharlier.be\/wp-content\/uploads\/2017\/11\/Chat-2-225x300.jpg 225w, https:\/\/gregoirecharlier.be\/wp-content\/uploads\/2017\/11\/Chat-2.jpg 450w\" sizes=\"auto, (max-width: 225px) 100vw, 225px\" \/><\/a><figcaption class=\"wp-element-caption\">Chat stylis\u00e9 &#8211; Gravure sur pierre bleue, finition poli noir brillant<\/figcaption><\/figure>\n\n\n\n<figure class=\"wp-block-image alignnone\"><a href=\"https:\/\/gregoirecharlier.be\/wp-content\/uploads\/2017\/11\/Etoile-de-David.jpg\"><img loading=\"lazy\" decoding=\"async\" width=\"225\" height=\"300\" src=\"https:\/\/gregoirecharlier.be\/wp-content\/uploads\/2017\/11\/Etoile-de-David-225x300.jpg\" alt=\"Motif - Etoile de David - Gravure sur pierre bleue, finition poli noir mat\" class=\"wp-image-357\" srcset=\"https:\/\/gregoirecharlier.be\/wp-content\/uploads\/2017\/11\/Etoile-de-David-225x300.jpg 225w, https:\/\/gregoirecharlier.be\/wp-content\/uploads\/2017\/11\/Etoile-de-David.jpg 450w\" sizes=\"auto, (max-width: 225px) 100vw, 225px\" \/><\/a><figcaption class=\"wp-element-caption\">Motif &#8211; Etoile de David &#8211; Gravure sur pierre bleue, finition poli noir mat<\/figcaption><\/figure>\n\n\n\n<figure class=\"wp-block-image alignnone\"><a href=\"https:\/\/gregoirecharlier.be\/wp-content\/uploads\/2018\/04\/30738703_438456576586502_4508029392215080960_o.jpg\"><img loading=\"lazy\" decoding=\"async\" width=\"223\" height=\"300\" src=\"https:\/\/gregoirecharlier.be\/wp-content\/uploads\/2018\/04\/30738703_438456576586502_4508029392215080960_o-223x300.jpg\" alt=\"\" class=\"wp-image-444\" srcset=\"https:\/\/gregoirecharlier.be\/wp-content\/uploads\/2018\/04\/30738703_438456576586502_4508029392215080960_o-223x300.jpg 223w, https:\/\/gregoirecharlier.be\/wp-content\/uploads\/2018\/04\/30738703_438456576586502_4508029392215080960_o.jpg 446w\" sizes=\"auto, (max-width: 223px) 100vw, 223px\" \/><\/a><figcaption class=\"wp-element-caption\">Triskel &#8211; Gravure sur pierre bleue, finition piquet\u00e9 fin et poli noir<\/figcaption><\/figure>\n\n\n\n<figure class=\"wp-block-gallery has-nested-images columns-3 is-cropped wp-block-gallery-4 is-layout-flex wp-block-gallery-is-layout-flex\">\n<figure class=\"wp-block-image size-large\"><img loading=\"lazy\" decoding=\"async\" width=\"450\" height=\"600\" data-id=\"364\" src=\"https:\/\/gregoirecharlier.be\/wp-content\/uploads\/2017\/11\/Violon.jpg\" alt=\"\" class=\"wp-image-364\" srcset=\"https:\/\/gregoirecharlier.be\/wp-content\/uploads\/2017\/11\/Violon.jpg 450w, https:\/\/gregoirecharlier.be\/wp-content\/uploads\/2017\/11\/Violon-225x300.jpg 225w\" sizes=\"auto, (max-width: 450px) 100vw, 450px\" \/><\/figure>\n\n\n\n<figure class=\"wp-block-image size-large\"><img loading=\"lazy\" decoding=\"async\" width=\"450\" height=\"600\" data-id=\"359\" src=\"https:\/\/gregoirecharlier.be\/wp-content\/uploads\/2017\/11\/Guitare.jpg\" alt=\"\" class=\"wp-image-359\" srcset=\"https:\/\/gregoirecharlier.be\/wp-content\/uploads\/2017\/11\/Guitare.jpg 450w, https:\/\/gregoirecharlier.be\/wp-content\/uploads\/2017\/11\/Guitare-225x300.jpg 225w\" sizes=\"auto, (max-width: 450px) 100vw, 450px\" \/><\/figure>\n<\/figure>\n\n\n\n<figure class=\"wp-block-image alignnone\"><a href=\"https:\/\/gregoirecharlier.be\/wp-content\/uploads\/2017\/11\/Motif-2.jpg\"><img loading=\"lazy\" decoding=\"async\" width=\"225\" height=\"300\" src=\"https:\/\/gregoirecharlier.be\/wp-content\/uploads\/2017\/11\/Motif-2-225x300.jpg\" alt=\"Logo - Gravure sur pierre bleue, finition poli noir mat\" class=\"wp-image-363\" srcset=\"https:\/\/gregoirecharlier.be\/wp-content\/uploads\/2017\/11\/Motif-2-225x300.jpg 225w, https:\/\/gregoirecharlier.be\/wp-content\/uploads\/2017\/11\/Motif-2.jpg 450w\" sizes=\"auto, (max-width: 225px) 100vw, 225px\" \/><\/a><figcaption class=\"wp-element-caption\">Logo &#8211; Gravure sur pierre bleue, finition poli noir mat<\/figcaption><\/figure>\n\n\n\n<figure class=\"wp-block-gallery has-nested-images columns-3 is-cropped wp-block-gallery-5 is-layout-flex wp-block-gallery-is-layout-flex\">\n<figure class=\"wp-block-image size-large\"><img loading=\"lazy\" decoding=\"async\" width=\"600\" height=\"450\" data-id=\"361\" src=\"https:\/\/gregoirecharlier.be\/wp-content\/uploads\/2017\/11\/Matram-Toram.jpg\" alt=\"\" class=\"wp-image-361\" srcset=\"https:\/\/gregoirecharlier.be\/wp-content\/uploads\/2017\/11\/Matram-Toram.jpg 600w, https:\/\/gregoirecharlier.be\/wp-content\/uploads\/2017\/11\/Matram-Toram-300x225.jpg 300w\" sizes=\"auto, (max-width: 600px) 100vw, 600px\" \/><\/figure>\n\n\n\n<figure class=\"wp-block-image size-large\"><img loading=\"lazy\" decoding=\"async\" width=\"600\" height=\"450\" data-id=\"360\" src=\"https:\/\/gregoirecharlier.be\/wp-content\/uploads\/2017\/11\/Haffi.jpg\" alt=\"\" class=\"wp-image-360\" srcset=\"https:\/\/gregoirecharlier.be\/wp-content\/uploads\/2017\/11\/Haffi.jpg 600w, https:\/\/gregoirecharlier.be\/wp-content\/uploads\/2017\/11\/Haffi-300x225.jpg 300w\" sizes=\"auto, (max-width: 600px) 100vw, 600px\" \/><\/figure>\n\n\n\n<figure class=\"wp-block-image size-large\"><img loading=\"lazy\" decoding=\"async\" width=\"600\" height=\"450\" data-id=\"354\" src=\"https:\/\/gregoirecharlier.be\/wp-content\/uploads\/2017\/11\/Appou.jpg\" alt=\"\" class=\"wp-image-354\" srcset=\"https:\/\/gregoirecharlier.be\/wp-content\/uploads\/2017\/11\/Appou.jpg 600w, https:\/\/gregoirecharlier.be\/wp-content\/uploads\/2017\/11\/Appou-300x225.jpg 300w\" sizes=\"auto, (max-width: 600px) 100vw, 600px\" \/><\/figure>\n\n\n\n<figure class=\"wp-block-image size-large\"><img loading=\"lazy\" decoding=\"async\" width=\"600\" height=\"450\" data-id=\"353\" src=\"https:\/\/gregoirecharlier.be\/wp-content\/uploads\/2017\/11\/A\u00ebrenauthyr1.jpg\" alt=\"\" class=\"wp-image-353\" srcset=\"https:\/\/gregoirecharlier.be\/wp-content\/uploads\/2017\/11\/A\u00ebrenauthyr1.jpg 600w, https:\/\/gregoirecharlier.be\/wp-content\/uploads\/2017\/11\/A\u00ebrenauthyr1-300x225.jpg 300w\" sizes=\"auto, (max-width: 600px) 100vw, 600px\" \/><\/figure>\n<\/figure>\n\n\n\n<figure class=\"wp-block-gallery has-nested-images columns-3 is-cropped wp-block-gallery-6 is-layout-flex wp-block-gallery-is-layout-flex\">\n<figure class=\"wp-block-image size-large\"><img loading=\"lazy\" decoding=\"async\" width=\"400\" height=\"266\" data-id=\"43\" src=\"https:\/\/gregoirecharlier.be\/wp-content\/uploads\/2013\/05\/Roses-des-Vents-Dyptique.jpg\" alt=\"\" class=\"wp-image-43\" srcset=\"https:\/\/gregoirecharlier.be\/wp-content\/uploads\/2013\/05\/Roses-des-Vents-Dyptique.jpg 400w, https:\/\/gregoirecharlier.be\/wp-content\/uploads\/2013\/05\/Roses-des-Vents-Dyptique-300x199.jpg 300w\" sizes=\"auto, (max-width: 400px) 100vw, 400px\" \/><\/figure>\n\n\n\n<figure class=\"wp-block-image size-large\"><img loading=\"lazy\" decoding=\"async\" width=\"600\" height=\"400\" data-id=\"42\" src=\"https:\/\/gregoirecharlier.be\/wp-content\/uploads\/2013\/05\/Rose-des-Vents.jpg\" alt=\"\" class=\"wp-image-42\" srcset=\"https:\/\/gregoirecharlier.be\/wp-content\/uploads\/2013\/05\/Rose-des-Vents.jpg 600w, https:\/\/gregoirecharlier.be\/wp-content\/uploads\/2013\/05\/Rose-des-Vents-300x200.jpg 300w\" sizes=\"auto, (max-width: 600px) 100vw, 600px\" \/><\/figure>\n\n\n\n<figure class=\"wp-block-image size-large\"><img loading=\"lazy\" decoding=\"async\" width=\"600\" height=\"400\" data-id=\"41\" src=\"https:\/\/gregoirecharlier.be\/wp-content\/uploads\/2013\/05\/Desert-Fox.jpg\" alt=\"\" class=\"wp-image-41\" srcset=\"https:\/\/gregoirecharlier.be\/wp-content\/uploads\/2013\/05\/Desert-Fox.jpg 600w, https:\/\/gregoirecharlier.be\/wp-content\/uploads\/2013\/05\/Desert-Fox-300x200.jpg 300w\" sizes=\"auto, (max-width: 600px) 100vw, 600px\" \/><\/figure>\n\n\n\n<figure class=\"wp-block-image size-large\"><img loading=\"lazy\" decoding=\"async\" width=\"400\" height=\"600\" data-id=\"40\" src=\"https:\/\/gregoirecharlier.be\/wp-content\/uploads\/2013\/05\/Cuchulainn.jpg\" alt=\"\" class=\"wp-image-40\" srcset=\"https:\/\/gregoirecharlier.be\/wp-content\/uploads\/2013\/05\/Cuchulainn.jpg 400w, https:\/\/gregoirecharlier.be\/wp-content\/uploads\/2013\/05\/Cuchulainn-200x300.jpg 200w\" sizes=\"auto, (max-width: 400px) 100vw, 400px\" \/><\/figure>\n\n\n\n<figure class=\"wp-block-image size-large\"><img loading=\"lazy\" decoding=\"async\" width=\"400\" height=\"266\" data-id=\"39\" src=\"https:\/\/gregoirecharlier.be\/wp-content\/uploads\/2013\/05\/Celtic-Knot.jpg\" alt=\"\" class=\"wp-image-39\" srcset=\"https:\/\/gregoirecharlier.be\/wp-content\/uploads\/2013\/05\/Celtic-Knot.jpg 400w, https:\/\/gregoirecharlier.be\/wp-content\/uploads\/2013\/05\/Celtic-Knot-300x199.jpg 300w\" sizes=\"auto, (max-width: 400px) 100vw, 400px\" \/><\/figure>\n\n\n\n<figure class=\"wp-block-image size-large\"><img loading=\"lazy\" decoding=\"async\" width=\"400\" height=\"266\" data-id=\"38\" src=\"https:\/\/gregoirecharlier.be\/wp-content\/uploads\/2013\/05\/Butterfly.jpg\" alt=\"\" class=\"wp-image-38\" srcset=\"https:\/\/gregoirecharlier.be\/wp-content\/uploads\/2013\/05\/Butterfly.jpg 400w, https:\/\/gregoirecharlier.be\/wp-content\/uploads\/2013\/05\/Butterfly-300x199.jpg 300w\" sizes=\"auto, (max-width: 400px) 100vw, 400px\" \/><\/figure>\n\n\n\n<figure class=\"wp-block-image size-large\"><img loading=\"lazy\" decoding=\"async\" width=\"600\" height=\"400\" data-id=\"133\" src=\"https:\/\/gregoirecharlier.be\/wp-content\/uploads\/2013\/10\/Plaque-Pablo.jpg\" alt=\"\" class=\"wp-image-133\" srcset=\"https:\/\/gregoirecharlier.be\/wp-content\/uploads\/2013\/10\/Plaque-Pablo.jpg 600w, https:\/\/gregoirecharlier.be\/wp-content\/uploads\/2013\/10\/Plaque-Pablo-300x200.jpg 300w\" sizes=\"auto, (max-width: 600px) 100vw, 600px\" \/><\/figure>\n\n\n\n<figure class=\"wp-block-image size-large\"><img loading=\"lazy\" decoding=\"async\" width=\"600\" height=\"450\" data-id=\"129\" src=\"https:\/\/gregoirecharlier.be\/wp-content\/uploads\/2013\/10\/Cadre-Gr\u00e9goire.jpg\" alt=\"\" class=\"wp-image-129\" srcset=\"https:\/\/gregoirecharlier.be\/wp-content\/uploads\/2013\/10\/Cadre-Gr\u00e9goire.jpg 600w, https:\/\/gregoirecharlier.be\/wp-content\/uploads\/2013\/10\/Cadre-Gr\u00e9goire-300x225.jpg 300w\" sizes=\"auto, (max-width: 600px) 100vw, 600px\" \/><\/figure>\n\n\n\n<figure class=\"wp-block-image size-large\"><img loading=\"lazy\" decoding=\"async\" width=\"768\" height=\"1024\" data-id=\"348\" src=\"https:\/\/gregoirecharlier.be\/wp-content\/uploads\/2017\/01\/20170103_150058-e1483452696524-768x1024.jpg\" alt=\"\" class=\"wp-image-348\" srcset=\"https:\/\/gregoirecharlier.be\/wp-content\/uploads\/2017\/01\/20170103_150058-e1483452696524-768x1024.jpg 768w, https:\/\/gregoirecharlier.be\/wp-content\/uploads\/2017\/01\/20170103_150058-e1483452696524-225x300.jpg 225w, https:\/\/gregoirecharlier.be\/wp-content\/uploads\/2017\/01\/20170103_150058-e1483452696524-624x832.jpg 624w\" sizes=\"auto, (max-width: 768px) 100vw, 768px\" \/><\/figure>\n<\/figure>\n\n\n\n<figure class=\"wp-block-image size-large\"><a href=\"https:\/\/gregoirecharlier.be\/wp-content\/uploads\/2025\/07\/490294692_2115525695546240_3772046039682268500_n.jpg\"><img loading=\"lazy\" decoding=\"async\" width=\"762\" height=\"1024\" src=\"https:\/\/gregoirecharlier.be\/wp-content\/uploads\/2025\/07\/490294692_2115525695546240_3772046039682268500_n-762x1024.jpg\" alt=\"Nu - Gravure sur pierre bleue, finition piquet\u00e9 fin et poli noir mat. Photo originale - Vela\" class=\"wp-image-536\" srcset=\"https:\/\/gregoirecharlier.be\/wp-content\/uploads\/2025\/07\/490294692_2115525695546240_3772046039682268500_n-762x1024.jpg 762w, https:\/\/gregoirecharlier.be\/wp-content\/uploads\/2025\/07\/490294692_2115525695546240_3772046039682268500_n-223x300.jpg 223w, https:\/\/gregoirecharlier.be\/wp-content\/uploads\/2025\/07\/490294692_2115525695546240_3772046039682268500_n-768x1032.jpg 768w, https:\/\/gregoirecharlier.be\/wp-content\/uploads\/2025\/07\/490294692_2115525695546240_3772046039682268500_n-624x838.jpg 624w, https:\/\/gregoirecharlier.be\/wp-content\/uploads\/2025\/07\/490294692_2115525695546240_3772046039682268500_n.jpg 1072w\" sizes=\"auto, (max-width: 762px) 100vw, 762px\" \/><\/a><\/figure>\n\n\n\n<p>Nu &#8211; Gravure sur pierre bleue, finition piquet\u00e9 fin et poli noir mat. Photo originale &#8211; Vela<\/p>\n","protected":false},"excerpt":{"rendered":"<p>Portrait de profil en pierre bleue &#8211; Finition adouci noir mat et piquet\u00e9 fin Nu (n\u00e9gatif et positif) &#8211; Gravure [&hellip;]<\/p>\n","protected":false},"author":1,"featured_media":0,"parent":531,"menu_order":0,"comment_status":"open","ping_status":"closed","template":"","meta":{"site-sidebar-layout":"default","site-content-layout":"","ast-site-content-layout":"default","site-content-style":"default","site-sidebar-style":"default","ast-global-header-display":"","ast-banner-title-visibility":"","ast-main-header-display":"","ast-hfb-above-header-display":"","ast-hfb-below-header-display":"","ast-hfb-mobile-header-display":"","site-post-title":"","ast-breadcrumbs-content":"","ast-featured-img":"","footer-sml-layout":"","theme-transparent-header-meta":"","adv-header-id-meta":"","stick-header-meta":"","header-above-stick-meta":"","header-main-stick-meta":"","header-below-stick-meta":"","astra-migrate-meta-layouts":"default","ast-page-background-enabled":"default","ast-page-background-meta":{"desktop":{"background-color":"var(--ast-global-color-5)","background-image":"","background-repeat":"repeat","background-position":"center center","background-size":"auto","background-attachment":"scroll","background-type":"","background-media":"","overlay-type":"","overlay-color":"","overlay-opacity":"","overlay-gradient":""},"tablet":{"background-color":"","background-image":"","background-repeat":"repeat","background-position":"center center","background-size":"auto","background-attachment":"scroll","background-type":"","background-media":"","overlay-type":"","overlay-color":"","overlay-opacity":"","overlay-gradient":""},"mobile":{"background-color":"","background-image":"","background-repeat":"repeat","background-position":"center center","background-size":"auto","background-attachment":"scroll","background-type":"","background-media":"","overlay-type":"","overlay-color":"","overlay-opacity":"","overlay-gradient":""}},"ast-content-background-meta":{"desktop":{"background-color":"var(--ast-global-color-4)","background-image":"","background-repeat":"repeat","background-position":"center center","background-size":"auto","background-attachment":"scroll","background-type":"","background-media":"","overlay-type":"","overlay-color":"","overlay-opacity":"","overlay-gradient":""},"tablet":{"background-color":"var(--ast-global-color-4)","background-image":"","background-repeat":"repeat","background-position":"center center","background-size":"auto","background-attachment":"scroll","background-type":"","background-media":"","overlay-type":"","overlay-color":"","overlay-opacity":"","overlay-gradient":""},"mobile":{"background-color":"var(--ast-global-color-4)","background-image":"","background-repeat":"repeat","background-position":"center center","background-size":"auto","background-attachment":"scroll","background-type":"","background-media":"","overlay-type":"","overlay-color":"","overlay-opacity":"","overlay-gradient":""}},"footnotes":""},"class_list":["post-44","page","type-page","status-publish","hentry"],"yoast_head":"<!-- This site is optimized with the Yoast SEO plugin v27.5 - https:\/\/yoast.com\/product\/yoast-seo-wordpress\/ -->\n<title>Gravures - Gr\u00e9goire Charlier<\/title>\n<meta name=\"robots\" content=\"index, follow, max-snippet:-1, max-image-preview:large, max-video-preview:-1\" \/>\n<link rel=\"canonical\" href=\"https:\/\/gregoirecharlier.be\/?page_id=44\" \/>\n<meta property=\"og:locale\" content=\"fr_FR\" \/>\n<meta property=\"og:type\" content=\"article\" \/>\n<meta property=\"og:title\" content=\"Gravures - Gr\u00e9goire Charlier\" \/>\n<meta property=\"og:description\" content=\"Portrait de profil en pierre bleue &#8211; Finition adouci noir mat et piquet\u00e9 fin Nu (n\u00e9gatif et positif) &#8211; Gravure [&hellip;]\" \/>\n<meta property=\"og:url\" content=\"https:\/\/gregoirecharlier.be\/?page_id=44\" \/>\n<meta property=\"og:site_name\" content=\"Gr\u00e9goire Charlier\" \/>\n<meta property=\"article:modified_time\" content=\"2025-07-31T13:13:56+00:00\" \/>\n<meta property=\"og:image\" content=\"http:\/\/gregoirecharlier.be\/wp-content\/uploads\/2017\/11\/Motif-1-225x300.jpg\" \/>\n<meta name=\"twitter:card\" content=\"summary_large_image\" \/>\n<meta name=\"twitter:label1\" content=\"Dur\u00e9e de lecture estim\u00e9e\" \/>\n\t<meta name=\"twitter:data1\" content=\"9 minutes\" \/>\n<script type=\"application\/ld+json\" class=\"yoast-schema-graph\">{\"@context\":\"https:\\\/\\\/schema.org\",\"@graph\":[{\"@type\":\"WebPage\",\"@id\":\"https:\\\/\\\/gregoirecharlier.be\\\/?page_id=44\",\"url\":\"https:\\\/\\\/gregoirecharlier.be\\\/?page_id=44\",\"name\":\"Gravures - Gr\u00e9goire Charlier\",\"isPartOf\":{\"@id\":\"https:\\\/\\\/gregoirecharlier.be\\\/#website\"},\"primaryImageOfPage\":{\"@id\":\"https:\\\/\\\/gregoirecharlier.be\\\/?page_id=44#primaryimage\"},\"image\":{\"@id\":\"https:\\\/\\\/gregoirecharlier.be\\\/?page_id=44#primaryimage\"},\"thumbnailUrl\":\"http:\\\/\\\/gregoirecharlier.be\\\/wp-content\\\/uploads\\\/2017\\\/11\\\/Motif-1-225x300.jpg\",\"datePublished\":\"2013-05-25T01:25:11+00:00\",\"dateModified\":\"2025-07-31T13:13:56+00:00\",\"breadcrumb\":{\"@id\":\"https:\\\/\\\/gregoirecharlier.be\\\/?page_id=44#breadcrumb\"},\"inLanguage\":\"fr-FR\",\"potentialAction\":[{\"@type\":\"ReadAction\",\"target\":[\"https:\\\/\\\/gregoirecharlier.be\\\/?page_id=44\"]}]},{\"@type\":\"ImageObject\",\"inLanguage\":\"fr-FR\",\"@id\":\"https:\\\/\\\/gregoirecharlier.be\\\/?page_id=44#primaryimage\",\"url\":\"http:\\\/\\\/gregoirecharlier.be\\\/wp-content\\\/uploads\\\/2017\\\/11\\\/Motif-1-225x300.jpg\",\"contentUrl\":\"http:\\\/\\\/gregoirecharlier.be\\\/wp-content\\\/uploads\\\/2017\\\/11\\\/Motif-1-225x300.jpg\"},{\"@type\":\"BreadcrumbList\",\"@id\":\"https:\\\/\\\/gregoirecharlier.be\\\/?page_id=44#breadcrumb\",\"itemListElement\":[{\"@type\":\"ListItem\",\"position\":1,\"name\":\"Accueil\",\"item\":\"https:\\\/\\\/gregoirecharlier.be\\\/\"},{\"@type\":\"ListItem\",\"position\":2,\"name\":\"GALERIES\",\"item\":\"https:\\\/\\\/gregoirecharlier.be\\\/?page_id=531\"},{\"@type\":\"ListItem\",\"position\":3,\"name\":\"Gravures\"}]},{\"@type\":\"WebSite\",\"@id\":\"https:\\\/\\\/gregoirecharlier.be\\\/#website\",\"url\":\"https:\\\/\\\/gregoirecharlier.be\\\/\",\"name\":\"Gr\u00e9goire Charlier - GCStones - Sculpture, gravure et taille de pierre\",\"description\":\"\",\"publisher\":{\"@id\":\"https:\\\/\\\/gregoirecharlier.be\\\/#\\\/schema\\\/person\\\/aef19a7a961f4b27d00d2e33b6b92908\"},\"potentialAction\":[{\"@type\":\"SearchAction\",\"target\":{\"@type\":\"EntryPoint\",\"urlTemplate\":\"https:\\\/\\\/gregoirecharlier.be\\\/?s={search_term_string}\"},\"query-input\":{\"@type\":\"PropertyValueSpecification\",\"valueRequired\":true,\"valueName\":\"search_term_string\"}}],\"inLanguage\":\"fr-FR\"},{\"@type\":[\"Person\",\"Organization\"],\"@id\":\"https:\\\/\\\/gregoirecharlier.be\\\/#\\\/schema\\\/person\\\/aef19a7a961f4b27d00d2e33b6b92908\",\"name\":\"Gr\u00e9goire Charlier\",\"image\":{\"@type\":\"ImageObject\",\"inLanguage\":\"fr-FR\",\"@id\":\"https:\\\/\\\/gregoirecharlier.be\\\/wp-content\\\/uploads\\\/2018\\\/04\\\/cropped-Greg2018_autocollant_400x300_corr.jpg\",\"url\":\"https:\\\/\\\/gregoirecharlier.be\\\/wp-content\\\/uploads\\\/2018\\\/04\\\/cropped-Greg2018_autocollant_400x300_corr.jpg\",\"contentUrl\":\"https:\\\/\\\/gregoirecharlier.be\\\/wp-content\\\/uploads\\\/2018\\\/04\\\/cropped-Greg2018_autocollant_400x300_corr.jpg\",\"width\":2000,\"height\":1500,\"caption\":\"Gr\u00e9goire Charlier\"},\"logo\":{\"@id\":\"https:\\\/\\\/gregoirecharlier.be\\\/wp-content\\\/uploads\\\/2018\\\/04\\\/cropped-Greg2018_autocollant_400x300_corr.jpg\"},\"sameAs\":[\"http:\\\/\\\/www.gregoirecharlier.be\"]}]}<\/script>\n<!-- \/ Yoast SEO plugin. -->","yoast_head_json":{"title":"Gravures - Gr\u00e9goire Charlier","robots":{"index":"index","follow":"follow","max-snippet":"max-snippet:-1","max-image-preview":"max-image-preview:large","max-video-preview":"max-video-preview:-1"},"canonical":"https:\/\/gregoirecharlier.be\/?page_id=44","og_locale":"fr_FR","og_type":"article","og_title":"Gravures - Gr\u00e9goire Charlier","og_description":"Portrait de profil en pierre bleue &#8211; Finition adouci noir mat et piquet\u00e9 fin Nu (n\u00e9gatif et positif) &#8211; Gravure [&hellip;]","og_url":"https:\/\/gregoirecharlier.be\/?page_id=44","og_site_name":"Gr\u00e9goire Charlier","article_modified_time":"2025-07-31T13:13:56+00:00","og_image":[{"url":"http:\/\/gregoirecharlier.be\/wp-content\/uploads\/2017\/11\/Motif-1-225x300.jpg","type":"","width":"","height":""}],"twitter_card":"summary_large_image","twitter_misc":{"Dur\u00e9e de lecture estim\u00e9e":"9 minutes"},"schema":{"@context":"https:\/\/schema.org","@graph":[{"@type":"WebPage","@id":"https:\/\/gregoirecharlier.be\/?page_id=44","url":"https:\/\/gregoirecharlier.be\/?page_id=44","name":"Gravures - Gr\u00e9goire Charlier","isPartOf":{"@id":"https:\/\/gregoirecharlier.be\/#website"},"primaryImageOfPage":{"@id":"https:\/\/gregoirecharlier.be\/?page_id=44#primaryimage"},"image":{"@id":"https:\/\/gregoirecharlier.be\/?page_id=44#primaryimage"},"thumbnailUrl":"http:\/\/gregoirecharlier.be\/wp-content\/uploads\/2017\/11\/Motif-1-225x300.jpg","datePublished":"2013-05-25T01:25:11+00:00","dateModified":"2025-07-31T13:13:56+00:00","breadcrumb":{"@id":"https:\/\/gregoirecharlier.be\/?page_id=44#breadcrumb"},"inLanguage":"fr-FR","potentialAction":[{"@type":"ReadAction","target":["https:\/\/gregoirecharlier.be\/?page_id=44"]}]},{"@type":"ImageObject","inLanguage":"fr-FR","@id":"https:\/\/gregoirecharlier.be\/?page_id=44#primaryimage","url":"http:\/\/gregoirecharlier.be\/wp-content\/uploads\/2017\/11\/Motif-1-225x300.jpg","contentUrl":"http:\/\/gregoirecharlier.be\/wp-content\/uploads\/2017\/11\/Motif-1-225x300.jpg"},{"@type":"BreadcrumbList","@id":"https:\/\/gregoirecharlier.be\/?page_id=44#breadcrumb","itemListElement":[{"@type":"ListItem","position":1,"name":"Accueil","item":"https:\/\/gregoirecharlier.be\/"},{"@type":"ListItem","position":2,"name":"GALERIES","item":"https:\/\/gregoirecharlier.be\/?page_id=531"},{"@type":"ListItem","position":3,"name":"Gravures"}]},{"@type":"WebSite","@id":"https:\/\/gregoirecharlier.be\/#website","url":"https:\/\/gregoirecharlier.be\/","name":"Gr\u00e9goire Charlier - GCStones - Sculpture, gravure et taille de pierre","description":"","publisher":{"@id":"https:\/\/gregoirecharlier.be\/#\/schema\/person\/aef19a7a961f4b27d00d2e33b6b92908"},"potentialAction":[{"@type":"SearchAction","target":{"@type":"EntryPoint","urlTemplate":"https:\/\/gregoirecharlier.be\/?s={search_term_string}"},"query-input":{"@type":"PropertyValueSpecification","valueRequired":true,"valueName":"search_term_string"}}],"inLanguage":"fr-FR"},{"@type":["Person","Organization"],"@id":"https:\/\/gregoirecharlier.be\/#\/schema\/person\/aef19a7a961f4b27d00d2e33b6b92908","name":"Gr\u00e9goire Charlier","image":{"@type":"ImageObject","inLanguage":"fr-FR","@id":"https:\/\/gregoirecharlier.be\/wp-content\/uploads\/2018\/04\/cropped-Greg2018_autocollant_400x300_corr.jpg","url":"https:\/\/gregoirecharlier.be\/wp-content\/uploads\/2018\/04\/cropped-Greg2018_autocollant_400x300_corr.jpg","contentUrl":"https:\/\/gregoirecharlier.be\/wp-content\/uploads\/2018\/04\/cropped-Greg2018_autocollant_400x300_corr.jpg","width":2000,"height":1500,"caption":"Gr\u00e9goire Charlier"},"logo":{"@id":"https:\/\/gregoirecharlier.be\/wp-content\/uploads\/2018\/04\/cropped-Greg2018_autocollant_400x300_corr.jpg"},"sameAs":["http:\/\/www.gregoirecharlier.be"]}]}},"_links":{"self":[{"href":"https:\/\/gregoirecharlier.be\/index.php?rest_route=\/wp\/v2\/pages\/44","targetHints":{"allow":["GET"]}}],"collection":[{"href":"https:\/\/gregoirecharlier.be\/index.php?rest_route=\/wp\/v2\/pages"}],"about":[{"href":"https:\/\/gregoirecharlier.be\/index.php?rest_route=\/wp\/v2\/types\/page"}],"author":[{"embeddable":true,"href":"https:\/\/gregoirecharlier.be\/index.php?rest_route=\/wp\/v2\/users\/1"}],"replies":[{"embeddable":true,"href":"https:\/\/gregoirecharlier.be\/index.php?rest_route=%2Fwp%2Fv2%2Fcomments&post=44"}],"version-history":[{"count":29,"href":"https:\/\/gregoirecharlier.be\/index.php?rest_route=\/wp\/v2\/pages\/44\/revisions"}],"predecessor-version":[{"id":551,"href":"https:\/\/gregoirecharlier.be\/index.php?rest_route=\/wp\/v2\/pages\/44\/revisions\/551"}],"up":[{"embeddable":true,"href":"https:\/\/gregoirecharlier.be\/index.php?rest_route=\/wp\/v2\/pages\/531"}],"wp:attachment":[{"href":"https:\/\/gregoirecharlier.be\/index.php?rest_route=%2Fwp%2Fv2%2Fmedia&parent=44"}],"curies":[{"name":"wp","href":"https:\/\/api.w.org\/{rel}","templated":true}]}}