{"id":386,"date":"2018-02-15T14:52:33","date_gmt":"2018-02-15T13:52:33","guid":{"rendered":"http:\/\/gregoirecharlier.be\/?page_id=386"},"modified":"2025-07-29T15:58:10","modified_gmt":"2025-07-29T14:58:10","slug":"restauration","status":"publish","type":"page","link":"https:\/\/gregoirecharlier.be\/?page_id=386","title":{"rendered":"Restauration"},"content":{"rendered":"<div id='gallery-1' class='gallery galleryid-386 gallery-columns-3 gallery-size-thumbnail'><figure class='gallery-item'>\n\t\t\t<div class='gallery-icon portrait'>\n\t\t\t\t<a href='https:\/\/gregoirecharlier.be\/?attachment_id=482'><img loading=\"lazy\" decoding=\"async\" width=\"150\" height=\"150\" src=\"https:\/\/gregoirecharlier.be\/wp-content\/uploads\/2018\/05\/31969906_445324522566374_5743296191664226304_o-150x150.jpg\" class=\"attachment-thumbnail size-thumbnail\" alt=\"\" aria-describedby=\"gallery-1-482\" \/><\/a>\n\t\t\t<\/div>\n\t\t\t\t<figcaption class='wp-caption-text gallery-caption' id='gallery-1-482'>\n\t\t\t\tMonument comm\u00e9moratif des deux guerres 14-18 et 40-45 place Albert Ier \u00e0 Waremme &#8211; Apr\u00e8s remise en couleur des inscriptions grav\u00e9es \u00e0 la peinture dor\u00e9e\n\t\t\t\t<\/figcaption><\/figure><figure class='gallery-item'>\n\t\t\t<div class='gallery-icon portrait'>\n\t\t\t\t<a href='https:\/\/gregoirecharlier.be\/?attachment_id=481'><img loading=\"lazy\" decoding=\"async\" width=\"150\" height=\"150\" src=\"https:\/\/gregoirecharlier.be\/wp-content\/uploads\/2018\/05\/31959031_445325525899607_5038255551721504768_o-150x150.jpg\" class=\"attachment-thumbnail size-thumbnail\" alt=\"\" aria-describedby=\"gallery-1-481\" \/><\/a>\n\t\t\t<\/div>\n\t\t\t\t<figcaption class='wp-caption-text gallery-caption' id='gallery-1-481'>\n\t\t\t\tMonument comm\u00e9moratif des deux guerres 14-18 et 40-45 place Albert Ier \u00e0 Waremme &#8211; Apr\u00e8s remise en couleur des inscriptions grav\u00e9es et branches de laurier \u00e0 la peinture dor\u00e9e et remise en couleur du blason de la ville\n\t\t\t\t<\/figcaption><\/figure><figure class='gallery-item'>\n\t\t\t<div class='gallery-icon portrait'>\n\t\t\t\t<a href='https:\/\/gregoirecharlier.be\/?attachment_id=477'><img loading=\"lazy\" decoding=\"async\" width=\"150\" height=\"150\" src=\"https:\/\/gregoirecharlier.be\/wp-content\/uploads\/2018\/05\/31912787_444272546004905_8690418504395915264_o-150x150.jpg\" class=\"attachment-thumbnail size-thumbnail\" alt=\"\" aria-describedby=\"gallery-1-477\" \/><\/a>\n\t\t\t<\/div>\n\t\t\t\t<figcaption class='wp-caption-text gallery-caption' id='gallery-1-477'>\n\t\t\t\tMonument comm\u00e9moratif des deux guerres 14-18 et 40-45 place Albert Ier \u00e0 Waremme &#8211; Apr\u00e8s remise en couleur du blason de la ville et a\u00e9rogommage de la statue en bronze, personnification de la ville de Waremme\n\t\t\t\t<\/figcaption><\/figure>\n\t\t<\/div>\n\n<div id='gallery-2' class='gallery galleryid-386 gallery-columns-3 gallery-size-thumbnail'><figure class='gallery-item'>\n\t\t\t<div class='gallery-icon portrait'>\n\t\t\t\t<a href='https:\/\/gregoirecharlier.be\/?attachment_id=480'><img loading=\"lazy\" decoding=\"async\" width=\"150\" height=\"150\" src=\"https:\/\/gregoirecharlier.be\/wp-content\/uploads\/2018\/05\/31956604_445324192566407_4406454854478725120_o-150x150.jpg\" class=\"attachment-thumbnail size-thumbnail\" alt=\"\" aria-describedby=\"gallery-2-480\" \/><\/a>\n\t\t\t<\/div>\n\t\t\t\t<figcaption class='wp-caption-text gallery-caption' id='gallery-2-480'>\n\t\t\t\tMonument comm\u00e9moratif des deux guerres 14-18 et 40-45 place Albert Ier \u00e0 Waremme &#8211; Avant remise en couleur des inscriptions grav\u00e9es\n\t\t\t\t<\/figcaption><\/figure><figure class='gallery-item'>\n\t\t\t<div class='gallery-icon portrait'>\n\t\t\t\t<a href='https:\/\/gregoirecharlier.be\/?attachment_id=479'><img loading=\"lazy\" decoding=\"async\" width=\"150\" height=\"150\" src=\"https:\/\/gregoirecharlier.be\/wp-content\/uploads\/2018\/05\/31955955_445324882566338_7051482241490223104_o-150x150.jpg\" class=\"attachment-thumbnail size-thumbnail\" alt=\"\" aria-describedby=\"gallery-2-479\" \/><\/a>\n\t\t\t<\/div>\n\t\t\t\t<figcaption class='wp-caption-text gallery-caption' id='gallery-2-479'>\n\t\t\t\tMonument comm\u00e9moratif des deux guerres 14-18 et 40-45 place Albert Ier \u00e0 Waremme &#8211; Avant remise en couleur des inscriptions grav\u00e9es et des branches de lauriers ainsi que du blason de la ville\n\t\t\t\t<\/figcaption><\/figure><figure class='gallery-item'>\n\t\t\t<div class='gallery-icon portrait'>\n\t\t\t\t<a href='https:\/\/gregoirecharlier.be\/?attachment_id=478'><img loading=\"lazy\" decoding=\"async\" width=\"150\" height=\"150\" src=\"https:\/\/gregoirecharlier.be\/wp-content\/uploads\/2018\/05\/31947134_444271812671645_1306868126226317312_o-150x150.jpg\" class=\"attachment-thumbnail size-thumbnail\" alt=\"\" aria-describedby=\"gallery-2-478\" \/><\/a>\n\t\t\t<\/div>\n\t\t\t\t<figcaption class='wp-caption-text gallery-caption' id='gallery-2-478'>\n\t\t\t\tMonument comm\u00e9moratif des deux guerres 14-18 et 40-45 place Albert Ier \u00e0 Waremme &#8211; Avant remise en couleur du blason de la ville et a\u00e9rogommage de la statue en bronze, personnification de la ville de Waremme\n\t\t\t\t<\/figcaption><\/figure>\n\t\t<\/div>\n\n<div id='gallery-3' class='gallery galleryid-386 gallery-columns-3 gallery-size-thumbnail'><figure class='gallery-item'>\n\t\t\t<div class='gallery-icon portrait'>\n\t\t\t\t<a href='https:\/\/gregoirecharlier.be\/?attachment_id=446'><img loading=\"lazy\" decoding=\"async\" width=\"150\" height=\"150\" src=\"https:\/\/gregoirecharlier.be\/wp-content\/uploads\/2018\/04\/30411931_434275660337927_3265196831780372480_o-150x150.jpg\" class=\"attachment-thumbnail size-thumbnail\" alt=\"\" aria-describedby=\"gallery-3-446\" \/><\/a>\n\t\t\t<\/div>\n\t\t\t\t<figcaption class='wp-caption-text gallery-caption' id='gallery-3-446'>\n\t\t\t\tPetit monument route de Bastogne \u00e0 Marche-en-Famenne avant restauration des caract\u00e8res grav\u00e9s\n\t\t\t\t<\/figcaption><\/figure><figure class='gallery-item'>\n\t\t\t<div class='gallery-icon portrait'>\n\t\t\t\t<a href='https:\/\/gregoirecharlier.be\/?attachment_id=447'><img loading=\"lazy\" decoding=\"async\" width=\"150\" height=\"150\" src=\"https:\/\/gregoirecharlier.be\/wp-content\/uploads\/2018\/04\/30516757_434275857004574_868070352889053184_o-150x150.jpg\" class=\"attachment-thumbnail size-thumbnail\" alt=\"\" aria-describedby=\"gallery-3-447\" \/><\/a>\n\t\t\t<\/div>\n\t\t\t\t<figcaption class='wp-caption-text gallery-caption' id='gallery-3-447'>\n\t\t\t\tPetit monument route de Bastogne \u00e0 Marche-en-Famenne apr\u00e8s restauration des caract\u00e8res grav\u00e9s\n\t\t\t\t<\/figcaption><\/figure>\n\t\t<\/div>\n\n<div id='gallery-4' class='gallery galleryid-386 gallery-columns-3 gallery-size-thumbnail'><figure class='gallery-item'>\n\t\t\t<div class='gallery-icon portrait'>\n\t\t\t\t<a href='https:\/\/gregoirecharlier.be\/?attachment_id=450'><img loading=\"lazy\" decoding=\"async\" width=\"150\" height=\"150\" src=\"https:\/\/gregoirecharlier.be\/wp-content\/uploads\/2018\/04\/30713475_436953553403471_8963126641106616320_o-150x150.jpg\" class=\"attachment-thumbnail size-thumbnail\" alt=\"\" aria-describedby=\"gallery-4-450\" \/><\/a>\n\t\t\t<\/div>\n\t\t\t\t<figcaption class='wp-caption-text gallery-caption' id='gallery-4-450'>\n\t\t\t\tSt\u00e8le comm\u00e9morative 40 &#8211; 45 avant restauration\n\t\t\t\t<\/figcaption><\/figure><figure class='gallery-item'>\n\t\t\t<div class='gallery-icon portrait'>\n\t\t\t\t<a href='https:\/\/gregoirecharlier.be\/?attachment_id=448'><img loading=\"lazy\" decoding=\"async\" width=\"150\" height=\"150\" src=\"https:\/\/gregoirecharlier.be\/wp-content\/uploads\/2018\/04\/30706281_436953816736778_5904715296169525248_o-150x150.jpg\" class=\"attachment-thumbnail size-thumbnail\" alt=\"\" aria-describedby=\"gallery-4-448\" \/><\/a>\n\t\t\t<\/div>\n\t\t\t\t<figcaption class='wp-caption-text gallery-caption' id='gallery-4-448'>\n\t\t\t\tSt\u00e8le comm\u00e9morative 40 &#8211; 45 apr\u00e8s a\u00e9rogommage et remise en couleur des caract\u00e8res \u00e0 la peinture dor\u00e9e\n\t\t\t\t<\/figcaption><\/figure>\n\t\t<\/div>\n\n<div id='gallery-5' class='gallery galleryid-386 gallery-columns-3 gallery-size-thumbnail'><figure class='gallery-item'>\n\t\t\t<div class='gallery-icon landscape'>\n\t\t\t\t<a href='https:\/\/gregoirecharlier.be\/?attachment_id=449'><img loading=\"lazy\" decoding=\"async\" width=\"150\" height=\"150\" src=\"https:\/\/gregoirecharlier.be\/wp-content\/uploads\/2018\/04\/30708006_436952753403551_6481514693759336448_o-150x150.jpg\" class=\"attachment-thumbnail size-thumbnail\" alt=\"\" aria-describedby=\"gallery-5-449\" \/><\/a>\n\t\t\t<\/div>\n\t\t\t\t<figcaption class='wp-caption-text gallery-caption' id='gallery-5-449'>\n\t\t\t\tPlaque grav\u00e9e sue l&rsquo;\u00e9glise de Ligni\u00e8res avant restauration\n\t\t\t\t<\/figcaption><\/figure><figure class='gallery-item'>\n\t\t\t<div class='gallery-icon landscape'>\n\t\t\t\t<a href='https:\/\/gregoirecharlier.be\/?attachment_id=451'><img loading=\"lazy\" decoding=\"async\" width=\"150\" height=\"150\" src=\"https:\/\/gregoirecharlier.be\/wp-content\/uploads\/2018\/04\/30726715_436953150070178_999072786766888960_o-150x150.jpg\" class=\"attachment-thumbnail size-thumbnail\" alt=\"\" aria-describedby=\"gallery-5-451\" \/><\/a>\n\t\t\t<\/div>\n\t\t\t\t<figcaption class='wp-caption-text gallery-caption' id='gallery-5-451'>\n\t\t\t\tPlaque grav\u00e9e sur l&rsquo;\u00e9glise de Ligni\u00e8res apr\u00e8s a\u00e9rogommage et remise en couleur des caract\u00e8res \u00e0 la peinture dor\u00e9e\n\t\t\t\t<\/figcaption><\/figure>\n\t\t<\/div>\n\n<div id='gallery-6' class='gallery galleryid-386 gallery-columns-3 gallery-size-thumbnail'><figure class='gallery-item'>\n\t\t\t<div class='gallery-icon portrait'>\n\t\t\t\t<a href='https:\/\/gregoirecharlier.be\/?attachment_id=402'><img loading=\"lazy\" decoding=\"async\" width=\"150\" height=\"150\" src=\"https:\/\/gregoirecharlier.be\/wp-content\/uploads\/2018\/03\/Culot-de-vo\u00fbte-moulur\u00e9-Avant-150x150.jpg\" class=\"attachment-thumbnail size-thumbnail\" alt=\"\" aria-describedby=\"gallery-6-402\" \/><\/a>\n\t\t\t<\/div>\n\t\t\t\t<figcaption class='wp-caption-text gallery-caption' id='gallery-6-402'>\n\t\t\t\tCulot de vo\u00fbte moulur\u00e9 &#8211; Avant restauration\n\t\t\t\t<\/figcaption><\/figure><figure class='gallery-item'>\n\t\t\t<div class='gallery-icon portrait'>\n\t\t\t\t<a href='https:\/\/gregoirecharlier.be\/?attachment_id=401'><img loading=\"lazy\" decoding=\"async\" width=\"150\" height=\"150\" src=\"https:\/\/gregoirecharlier.be\/wp-content\/uploads\/2018\/03\/Culot-de-vo\u00fbte-moulur\u00e9-Apr\u00e8s-150x150.jpg\" class=\"attachment-thumbnail size-thumbnail\" alt=\"\" aria-describedby=\"gallery-6-401\" \/><\/a>\n\t\t\t<\/div>\n\t\t\t\t<figcaption class='wp-caption-text gallery-caption' id='gallery-6-401'>\n\t\t\t\tCulot de vo\u00fbte moulur\u00e9 &#8211; Apr\u00e8s restauration\n\t\t\t\t<\/figcaption><\/figure><figure class='gallery-item'>\n\t\t\t<div class='gallery-icon portrait'>\n\t\t\t\t<a href='https:\/\/gregoirecharlier.be\/?attachment_id=400'><img loading=\"lazy\" decoding=\"async\" width=\"150\" height=\"150\" src=\"https:\/\/gregoirecharlier.be\/wp-content\/uploads\/2018\/03\/Colonne-moulur\u00e9e-Avant-150x150.jpg\" class=\"attachment-thumbnail size-thumbnail\" alt=\"\" aria-describedby=\"gallery-6-400\" \/><\/a>\n\t\t\t<\/div>\n\t\t\t\t<figcaption class='wp-caption-text gallery-caption' id='gallery-6-400'>\n\t\t\t\tColonne moulur\u00e9e &#8211; Avant restauration\n\t\t\t\t<\/figcaption><\/figure><figure class='gallery-item'>\n\t\t\t<div class='gallery-icon portrait'>\n\t\t\t\t<a href='https:\/\/gregoirecharlier.be\/?attachment_id=399'><img loading=\"lazy\" decoding=\"async\" width=\"150\" height=\"150\" src=\"https:\/\/gregoirecharlier.be\/wp-content\/uploads\/2018\/03\/Colonne-moulur\u00e9e-Apr\u00e8s-1-150x150.jpg\" class=\"attachment-thumbnail size-thumbnail\" alt=\"\" aria-describedby=\"gallery-6-399\" \/><\/a>\n\t\t\t<\/div>\n\t\t\t\t<figcaption class='wp-caption-text gallery-caption' id='gallery-6-399'>\n\t\t\t\tColonne moulur\u00e9e &#8211; Apr\u00e8s restauration\n\t\t\t\t<\/figcaption><\/figure>\n\t\t<\/div>\n\n<div id='gallery-7' class='gallery galleryid-386 gallery-columns-3 gallery-size-thumbnail'><figure class='gallery-item'>\n\t\t\t<div class='gallery-icon portrait'>\n\t\t\t\t<a href='https:\/\/gregoirecharlier.be\/?attachment_id=237'><img loading=\"lazy\" decoding=\"async\" width=\"150\" height=\"150\" src=\"https:\/\/gregoirecharlier.be\/wp-content\/uploads\/2014\/10\/Pinacle-Basilique-Saint-Martin-\u00e0-Li\u00e8ge-150x150.jpg\" class=\"attachment-thumbnail size-thumbnail\" alt=\"\" aria-describedby=\"gallery-7-237\" \/><\/a>\n\t\t\t<\/div>\n\t\t\t\t<figcaption class='wp-caption-text gallery-caption' id='gallery-7-237'>\n\t\t\t\tEl\u00e9ment d&rsquo;un pinacle restaur\u00e9 en pierre de France sur l&rsquo;Eglise Saint Martin \u00e0 Li\u00e8ge\n\t\t\t\t<\/figcaption><\/figure><figure class='gallery-item'>\n\t\t\t<div class='gallery-icon portrait'>\n\t\t\t\t<a href='https:\/\/gregoirecharlier.be\/?attachment_id=238'><img loading=\"lazy\" decoding=\"async\" width=\"150\" height=\"150\" src=\"https:\/\/gregoirecharlier.be\/wp-content\/uploads\/2014\/10\/Pinacle-St-Martin-150x150.jpg\" class=\"attachment-thumbnail size-thumbnail\" alt=\"\" aria-describedby=\"gallery-7-238\" \/><\/a>\n\t\t\t<\/div>\n\t\t\t\t<figcaption class='wp-caption-text gallery-caption' id='gallery-7-238'>\n\t\t\t\tRestauration d&rsquo;un pinacle en pierre de France (jaune) sur l&rsquo;Eglise Saint Martin \u00e0 Li\u00e8ge\n\t\t\t\t<\/figcaption><\/figure>\n\t\t<\/div>\n\n<div id='gallery-8' class='gallery galleryid-386 gallery-columns-3 gallery-size-thumbnail'><figure class='gallery-item'>\n\t\t\t<div class='gallery-icon landscape'>\n\t\t\t\t<a href='https:\/\/gregoirecharlier.be\/?attachment_id=312'><img loading=\"lazy\" decoding=\"async\" width=\"150\" height=\"150\" src=\"https:\/\/gregoirecharlier.be\/wp-content\/uploads\/2016\/10\/Restauration-de-deux-flammes-en-pierre-bleue-Avant-150x150.jpg\" class=\"attachment-thumbnail size-thumbnail\" alt=\"\" aria-describedby=\"gallery-8-312\" \/><\/a>\n\t\t\t<\/div>\n\t\t\t\t<figcaption class='wp-caption-text gallery-caption' id='gallery-8-312'>\n\t\t\t\tFlammes en pierre bleue avant restauration\n\t\t\t\t<\/figcaption><\/figure><figure class='gallery-item'>\n\t\t\t<div class='gallery-icon landscape'>\n\t\t\t\t<a href='https:\/\/gregoirecharlier.be\/?attachment_id=311'><img loading=\"lazy\" decoding=\"async\" width=\"150\" height=\"150\" src=\"https:\/\/gregoirecharlier.be\/wp-content\/uploads\/2016\/10\/Restauration-de-deux-flammes-en-pierre-bleue-Apr\u00e8s-150x150.jpg\" class=\"attachment-thumbnail size-thumbnail\" alt=\"\" aria-describedby=\"gallery-8-311\" \/><\/a>\n\t\t\t<\/div>\n\t\t\t\t<figcaption class='wp-caption-text gallery-caption' id='gallery-8-311'>\n\t\t\t\tFlammes en pierre bleue apr\u00e8s restauration au ciseau\n\t\t\t\t<\/figcaption><\/figure>\n\t\t<\/div>\n\n<div id='gallery-9' class='gallery galleryid-386 gallery-columns-3 gallery-size-thumbnail'><figure class='gallery-item'>\n\t\t\t<div class='gallery-icon landscape'>\n\t\t\t\t<a href='https:\/\/gregoirecharlier.be\/?attachment_id=256'><img loading=\"lazy\" decoding=\"async\" width=\"150\" height=\"150\" src=\"https:\/\/gregoirecharlier.be\/wp-content\/uploads\/2015\/03\/Restauration-dune-st\u00e8le-comm\u00e9morative-Avant-150x150.jpg\" class=\"attachment-thumbnail size-thumbnail\" alt=\"\" aria-describedby=\"gallery-9-256\" \/><\/a>\n\t\t\t<\/div>\n\t\t\t\t<figcaption class='wp-caption-text gallery-caption' id='gallery-9-256'>\n\t\t\t\tRestauration d&rsquo;une st\u00e8le comm\u00e9morative en pierre bleue &#8211; Avant\n\t\t\t\t<\/figcaption><\/figure><figure class='gallery-item'>\n\t\t\t<div class='gallery-icon landscape'>\n\t\t\t\t<a href='https:\/\/gregoirecharlier.be\/?attachment_id=255'><img loading=\"lazy\" decoding=\"async\" width=\"150\" height=\"150\" src=\"https:\/\/gregoirecharlier.be\/wp-content\/uploads\/2015\/03\/Restauration-dune-st\u00e8le-comm\u00e9morative-Apr\u00e8s1-150x150.jpg\" class=\"attachment-thumbnail size-thumbnail\" alt=\"\" aria-describedby=\"gallery-9-255\" \/><\/a>\n\t\t\t<\/div>\n\t\t\t\t<figcaption class='wp-caption-text gallery-caption' id='gallery-9-255'>\n\t\t\t\tRestauration d&rsquo;une st\u00e8le comm\u00e9morative en pierre bleue &#8211; Apr\u00e8s\n\t\t\t\t<\/figcaption><\/figure>\n\t\t<\/div>\n\n<div id='gallery-10' class='gallery galleryid-386 gallery-columns-3 gallery-size-thumbnail'><figure class='gallery-item'>\n\t\t\t<div class='gallery-icon portrait'>\n\t\t\t\t<a href='https:\/\/gregoirecharlier.be\/?attachment_id=227'><img loading=\"lazy\" decoding=\"async\" width=\"150\" height=\"150\" src=\"https:\/\/gregoirecharlier.be\/wp-content\/uploads\/2014\/09\/Caveau-Soukin-Buxin-avant-150x150.jpg\" class=\"attachment-thumbnail size-thumbnail\" alt=\"\" aria-describedby=\"gallery-10-227\" \/><\/a>\n\t\t\t<\/div>\n\t\t\t\t<figcaption class='wp-caption-text gallery-caption' id='gallery-10-227'>\n\t\t\t\tRestauration d&rsquo;un caveau \u00e0 la feuille d&rsquo;or &#8211; Avant\n\t\t\t\t<\/figcaption><\/figure><figure class='gallery-item'>\n\t\t\t<div class='gallery-icon portrait'>\n\t\t\t\t<a href='https:\/\/gregoirecharlier.be\/?attachment_id=226'><img loading=\"lazy\" decoding=\"async\" width=\"150\" height=\"150\" src=\"https:\/\/gregoirecharlier.be\/wp-content\/uploads\/2014\/09\/Caveau-Soukin-Buxin-apr\u00e8s-150x150.jpg\" class=\"attachment-thumbnail size-thumbnail\" alt=\"\" aria-describedby=\"gallery-10-226\" \/><\/a>\n\t\t\t<\/div>\n\t\t\t\t<figcaption class='wp-caption-text gallery-caption' id='gallery-10-226'>\n\t\t\t\tRestauration d&rsquo;un caveau \u00e0 la feuille d&rsquo;or &#8211; Apr\u00e8s\n\t\t\t\t<\/figcaption><\/figure>\n\t\t<\/div>\n\n<div id='gallery-11' class='gallery galleryid-386 gallery-columns-3 gallery-size-thumbnail'><figure class='gallery-item'>\n\t\t\t<div class='gallery-icon portrait'>\n\t\t\t\t<a href='https:\/\/gregoirecharlier.be\/?attachment_id=344'><img loading=\"lazy\" decoding=\"async\" width=\"150\" height=\"150\" src=\"https:\/\/gregoirecharlier.be\/wp-content\/uploads\/2016\/10\/Monument-BEBELMAN-PARISIS-Avant-150x150.jpg\" class=\"attachment-thumbnail size-thumbnail\" alt=\"\" aria-describedby=\"gallery-11-344\" \/><\/a>\n\t\t\t<\/div>\n\t\t\t\t<figcaption class='wp-caption-text gallery-caption' id='gallery-11-344'>\n\t\t\t\tRestauration d&rsquo;un lettrage et d&rsquo;une croix piquet\u00e9e &#8211; Avant\n\t\t\t\t<\/figcaption><\/figure><figure class='gallery-item'>\n\t\t\t<div class='gallery-icon portrait'>\n\t\t\t\t<a href='https:\/\/gregoirecharlier.be\/?attachment_id=343'><img loading=\"lazy\" decoding=\"async\" width=\"150\" height=\"150\" src=\"https:\/\/gregoirecharlier.be\/wp-content\/uploads\/2016\/10\/Monument-BEBELMAN-PARISIS-Apr\u00e8s-150x150.jpg\" class=\"attachment-thumbnail size-thumbnail\" alt=\"\" aria-describedby=\"gallery-11-343\" \/><\/a>\n\t\t\t<\/div>\n\t\t\t\t<figcaption class='wp-caption-text gallery-caption' id='gallery-11-343'>\n\t\t\t\tRestauration d&rsquo;un lettrage et d&rsquo;une croix piqut\u00e9e &#8211; Apr\u00e8s\n\t\t\t\t<\/figcaption><\/figure>\n\t\t<\/div>\n\n","protected":false},"excerpt":{"rendered":"","protected":false},"author":1,"featured_media":0,"parent":531,"menu_order":0,"comment_status":"open","ping_status":"closed","template":"","meta":{"site-sidebar-layout":"default","site-content-layout":"","ast-site-content-layout":"default","site-content-style":"default","site-sidebar-style":"default","ast-global-header-display":"","ast-banner-title-visibility":"","ast-main-header-display":"","ast-hfb-above-header-display":"","ast-hfb-below-header-display":"","ast-hfb-mobile-header-display":"","site-post-title":"","ast-breadcrumbs-content":"","ast-featured-img":"","footer-sml-layout":"","theme-transparent-header-meta":"","adv-header-id-meta":"","stick-header-meta":"","header-above-stick-meta":"","header-main-stick-meta":"","header-below-stick-meta":"","astra-migrate-meta-layouts":"default","ast-page-background-enabled":"default","ast-page-background-meta":{"desktop":{"background-color":"var(--ast-global-color-5)","background-image":"","background-repeat":"repeat","background-position":"center center","background-size":"auto","background-attachment":"scroll","background-type":"","background-media":"","overlay-type":"","overlay-color":"","overlay-opacity":"","overlay-gradient":""},"tablet":{"background-color":"","background-image":"","background-repeat":"repeat","background-position":"center center","background-size":"auto","background-attachment":"scroll","background-type":"","background-media":"","overlay-type":"","overlay-color":"","overlay-opacity":"","overlay-gradient":""},"mobile":{"background-color":"","background-image":"","background-repeat":"repeat","background-position":"center center","background-size":"auto","background-attachment":"scroll","background-type":"","background-media":"","overlay-type":"","overlay-color":"","overlay-opacity":"","overlay-gradient":""}},"ast-content-background-meta":{"desktop":{"background-color":"var(--ast-global-color-4)","background-image":"","background-repeat":"repeat","background-position":"center center","background-size":"auto","background-attachment":"scroll","background-type":"","background-media":"","overlay-type":"","overlay-color":"","overlay-opacity":"","overlay-gradient":""},"tablet":{"background-color":"var(--ast-global-color-4)","background-image":"","background-repeat":"repeat","background-position":"center center","background-size":"auto","background-attachment":"scroll","background-type":"","background-media":"","overlay-type":"","overlay-color":"","overlay-opacity":"","overlay-gradient":""},"mobile":{"background-color":"var(--ast-global-color-4)","background-image":"","background-repeat":"repeat","background-position":"center center","background-size":"auto","background-attachment":"scroll","background-type":"","background-media":"","overlay-type":"","overlay-color":"","overlay-opacity":"","overlay-gradient":""}},"footnotes":""},"class_list":["post-386","page","type-page","status-publish","hentry"],"yoast_head":"<!-- This site is optimized with the Yoast SEO plugin v27.5 - https:\/\/yoast.com\/product\/yoast-seo-wordpress\/ -->\n<title>Restauration - Gr\u00e9goire Charlier<\/title>\n<meta name=\"robots\" content=\"index, follow, max-snippet:-1, max-image-preview:large, max-video-preview:-1\" \/>\n<link rel=\"canonical\" href=\"https:\/\/gregoirecharlier.be\/?page_id=386\" \/>\n<meta property=\"og:locale\" content=\"fr_FR\" \/>\n<meta property=\"og:type\" content=\"article\" \/>\n<meta property=\"og:title\" content=\"Restauration - Gr\u00e9goire Charlier\" \/>\n<meta property=\"og:url\" content=\"https:\/\/gregoirecharlier.be\/?page_id=386\" \/>\n<meta property=\"og:site_name\" content=\"Gr\u00e9goire Charlier\" \/>\n<meta property=\"article:modified_time\" content=\"2025-07-29T14:58:10+00:00\" \/>\n<meta property=\"og:image\" content=\"https:\/\/gregoirecharlier.be\/wp-content\/uploads\/2018\/05\/31969906_445324522566374_5743296191664226304_o-150x150.jpg\" \/>\n<meta name=\"twitter:card\" content=\"summary_large_image\" \/>\n<script type=\"application\/ld+json\" class=\"yoast-schema-graph\">{\"@context\":\"https:\\\/\\\/schema.org\",\"@graph\":[{\"@type\":\"WebPage\",\"@id\":\"https:\\\/\\\/gregoirecharlier.be\\\/?page_id=386\",\"url\":\"https:\\\/\\\/gregoirecharlier.be\\\/?page_id=386\",\"name\":\"Restauration - Gr\u00e9goire Charlier\",\"isPartOf\":{\"@id\":\"https:\\\/\\\/gregoirecharlier.be\\\/#website\"},\"datePublished\":\"2018-02-15T13:52:33+00:00\",\"dateModified\":\"2025-07-29T14:58:10+00:00\",\"breadcrumb\":{\"@id\":\"https:\\\/\\\/gregoirecharlier.be\\\/?page_id=386#breadcrumb\"},\"inLanguage\":\"fr-FR\",\"potentialAction\":[{\"@type\":\"ReadAction\",\"target\":[\"https:\\\/\\\/gregoirecharlier.be\\\/?page_id=386\"]}]},{\"@type\":\"BreadcrumbList\",\"@id\":\"https:\\\/\\\/gregoirecharlier.be\\\/?page_id=386#breadcrumb\",\"itemListElement\":[{\"@type\":\"ListItem\",\"position\":1,\"name\":\"Accueil\",\"item\":\"https:\\\/\\\/gregoirecharlier.be\\\/\"},{\"@type\":\"ListItem\",\"position\":2,\"name\":\"GALERIES\",\"item\":\"https:\\\/\\\/gregoirecharlier.be\\\/?page_id=531\"},{\"@type\":\"ListItem\",\"position\":3,\"name\":\"Restauration\"}]},{\"@type\":\"WebSite\",\"@id\":\"https:\\\/\\\/gregoirecharlier.be\\\/#website\",\"url\":\"https:\\\/\\\/gregoirecharlier.be\\\/\",\"name\":\"Gr\u00e9goire Charlier - GCStones - Sculpture, gravure et taille de pierre\",\"description\":\"\",\"publisher\":{\"@id\":\"https:\\\/\\\/gregoirecharlier.be\\\/#\\\/schema\\\/person\\\/aef19a7a961f4b27d00d2e33b6b92908\"},\"potentialAction\":[{\"@type\":\"SearchAction\",\"target\":{\"@type\":\"EntryPoint\",\"urlTemplate\":\"https:\\\/\\\/gregoirecharlier.be\\\/?s={search_term_string}\"},\"query-input\":{\"@type\":\"PropertyValueSpecification\",\"valueRequired\":true,\"valueName\":\"search_term_string\"}}],\"inLanguage\":\"fr-FR\"},{\"@type\":[\"Person\",\"Organization\"],\"@id\":\"https:\\\/\\\/gregoirecharlier.be\\\/#\\\/schema\\\/person\\\/aef19a7a961f4b27d00d2e33b6b92908\",\"name\":\"Gr\u00e9goire Charlier\",\"image\":{\"@type\":\"ImageObject\",\"inLanguage\":\"fr-FR\",\"@id\":\"https:\\\/\\\/gregoirecharlier.be\\\/wp-content\\\/uploads\\\/2018\\\/04\\\/cropped-Greg2018_autocollant_400x300_corr.jpg\",\"url\":\"https:\\\/\\\/gregoirecharlier.be\\\/wp-content\\\/uploads\\\/2018\\\/04\\\/cropped-Greg2018_autocollant_400x300_corr.jpg\",\"contentUrl\":\"https:\\\/\\\/gregoirecharlier.be\\\/wp-content\\\/uploads\\\/2018\\\/04\\\/cropped-Greg2018_autocollant_400x300_corr.jpg\",\"width\":2000,\"height\":1500,\"caption\":\"Gr\u00e9goire Charlier\"},\"logo\":{\"@id\":\"https:\\\/\\\/gregoirecharlier.be\\\/wp-content\\\/uploads\\\/2018\\\/04\\\/cropped-Greg2018_autocollant_400x300_corr.jpg\"},\"sameAs\":[\"http:\\\/\\\/www.gregoirecharlier.be\"]}]}<\/script>\n<!-- \/ Yoast SEO plugin. -->","yoast_head_json":{"title":"Restauration - Gr\u00e9goire Charlier","robots":{"index":"index","follow":"follow","max-snippet":"max-snippet:-1","max-image-preview":"max-image-preview:large","max-video-preview":"max-video-preview:-1"},"canonical":"https:\/\/gregoirecharlier.be\/?page_id=386","og_locale":"fr_FR","og_type":"article","og_title":"Restauration - Gr\u00e9goire Charlier","og_url":"https:\/\/gregoirecharlier.be\/?page_id=386","og_site_name":"Gr\u00e9goire Charlier","article_modified_time":"2025-07-29T14:58:10+00:00","og_image":[{"url":"https:\/\/gregoirecharlier.be\/wp-content\/uploads\/2018\/05\/31969906_445324522566374_5743296191664226304_o-150x150.jpg","type":"","width":"","height":""}],"twitter_card":"summary_large_image","schema":{"@context":"https:\/\/schema.org","@graph":[{"@type":"WebPage","@id":"https:\/\/gregoirecharlier.be\/?page_id=386","url":"https:\/\/gregoirecharlier.be\/?page_id=386","name":"Restauration - Gr\u00e9goire Charlier","isPartOf":{"@id":"https:\/\/gregoirecharlier.be\/#website"},"datePublished":"2018-02-15T13:52:33+00:00","dateModified":"2025-07-29T14:58:10+00:00","breadcrumb":{"@id":"https:\/\/gregoirecharlier.be\/?page_id=386#breadcrumb"},"inLanguage":"fr-FR","potentialAction":[{"@type":"ReadAction","target":["https:\/\/gregoirecharlier.be\/?page_id=386"]}]},{"@type":"BreadcrumbList","@id":"https:\/\/gregoirecharlier.be\/?page_id=386#breadcrumb","itemListElement":[{"@type":"ListItem","position":1,"name":"Accueil","item":"https:\/\/gregoirecharlier.be\/"},{"@type":"ListItem","position":2,"name":"GALERIES","item":"https:\/\/gregoirecharlier.be\/?page_id=531"},{"@type":"ListItem","position":3,"name":"Restauration"}]},{"@type":"WebSite","@id":"https:\/\/gregoirecharlier.be\/#website","url":"https:\/\/gregoirecharlier.be\/","name":"Gr\u00e9goire Charlier - GCStones - Sculpture, gravure et taille de pierre","description":"","publisher":{"@id":"https:\/\/gregoirecharlier.be\/#\/schema\/person\/aef19a7a961f4b27d00d2e33b6b92908"},"potentialAction":[{"@type":"SearchAction","target":{"@type":"EntryPoint","urlTemplate":"https:\/\/gregoirecharlier.be\/?s={search_term_string}"},"query-input":{"@type":"PropertyValueSpecification","valueRequired":true,"valueName":"search_term_string"}}],"inLanguage":"fr-FR"},{"@type":["Person","Organization"],"@id":"https:\/\/gregoirecharlier.be\/#\/schema\/person\/aef19a7a961f4b27d00d2e33b6b92908","name":"Gr\u00e9goire Charlier","image":{"@type":"ImageObject","inLanguage":"fr-FR","@id":"https:\/\/gregoirecharlier.be\/wp-content\/uploads\/2018\/04\/cropped-Greg2018_autocollant_400x300_corr.jpg","url":"https:\/\/gregoirecharlier.be\/wp-content\/uploads\/2018\/04\/cropped-Greg2018_autocollant_400x300_corr.jpg","contentUrl":"https:\/\/gregoirecharlier.be\/wp-content\/uploads\/2018\/04\/cropped-Greg2018_autocollant_400x300_corr.jpg","width":2000,"height":1500,"caption":"Gr\u00e9goire Charlier"},"logo":{"@id":"https:\/\/gregoirecharlier.be\/wp-content\/uploads\/2018\/04\/cropped-Greg2018_autocollant_400x300_corr.jpg"},"sameAs":["http:\/\/www.gregoirecharlier.be"]}]}},"_links":{"self":[{"href":"https:\/\/gregoirecharlier.be\/index.php?rest_route=\/wp\/v2\/pages\/386","targetHints":{"allow":["GET"]}}],"collection":[{"href":"https:\/\/gregoirecharlier.be\/index.php?rest_route=\/wp\/v2\/pages"}],"about":[{"href":"https:\/\/gregoirecharlier.be\/index.php?rest_route=\/wp\/v2\/types\/page"}],"author":[{"embeddable":true,"href":"https:\/\/gregoirecharlier.be\/index.php?rest_route=\/wp\/v2\/users\/1"}],"replies":[{"embeddable":true,"href":"https:\/\/gregoirecharlier.be\/index.php?rest_route=%2Fwp%2Fv2%2Fcomments&post=386"}],"version-history":[{"count":11,"href":"https:\/\/gregoirecharlier.be\/index.php?rest_route=\/wp\/v2\/pages\/386\/revisions"}],"predecessor-version":[{"id":484,"href":"https:\/\/gregoirecharlier.be\/index.php?rest_route=\/wp\/v2\/pages\/386\/revisions\/484"}],"up":[{"embeddable":true,"href":"https:\/\/gregoirecharlier.be\/index.php?rest_route=\/wp\/v2\/pages\/531"}],"wp:attachment":[{"href":"https:\/\/gregoirecharlier.be\/index.php?rest_route=%2Fwp%2Fv2%2Fmedia&parent=386"}],"curies":[{"name":"wp","href":"https:\/\/api.w.org\/{rel}","templated":true}]}}