{"id":239,"date":"2014-10-02T21:34:35","date_gmt":"2014-10-02T20:34:35","guid":{"rendered":"http:\/\/gregoirecharlier.be\/?page_id=239"},"modified":"2025-07-29T15:57:40","modified_gmt":"2025-07-29T14:57:40","slug":"realisations-et-travail-de-taille","status":"publish","type":"page","link":"https:\/\/gregoirecharlier.be\/?page_id=239","title":{"rendered":"R\u00e9alisations et travail de taille"},"content":{"rendered":"<div id='gallery-1' class='gallery galleryid-239 gallery-columns-3 gallery-size-thumbnail'><figure class='gallery-item'>\n\t\t\t<div class='gallery-icon portrait'>\n\t\t\t\t<a href='https:\/\/gregoirecharlier.be\/?attachment_id=278'><img loading=\"lazy\" decoding=\"async\" width=\"150\" height=\"150\" src=\"https:\/\/gregoirecharlier.be\/wp-content\/uploads\/2015\/12\/Monument-Medery-Tonka-Avant-150x150.jpg\" class=\"attachment-thumbnail size-thumbnail\" alt=\"\" aria-describedby=\"gallery-1-278\" \/><\/a>\n\t\t\t<\/div>\n\t\t\t\t<figcaption class='wp-caption-text gallery-caption' id='gallery-1-278'>\n\t\t\t\tRestauration d&rsquo;une st\u00e8le fun\u00e9raire &#8211; Avant\n\t\t\t\t<\/figcaption><\/figure><figure class='gallery-item'>\n\t\t\t<div class='gallery-icon portrait'>\n\t\t\t\t<a href='https:\/\/gregoirecharlier.be\/?attachment_id=277'><img loading=\"lazy\" decoding=\"async\" width=\"150\" height=\"150\" src=\"https:\/\/gregoirecharlier.be\/wp-content\/uploads\/2015\/12\/Monument-Medery-Tonka-Apr\u00e8s-150x150.jpg\" class=\"attachment-thumbnail size-thumbnail\" alt=\"\" aria-describedby=\"gallery-1-277\" \/><\/a>\n\t\t\t<\/div>\n\t\t\t\t<figcaption class='wp-caption-text gallery-caption' id='gallery-1-277'>\n\t\t\t\tRestauration d&rsquo;une st\u00e8le fun\u00e9raire &#8211; Apr\u00e8s\n\t\t\t\t<\/figcaption><\/figure>\n\t\t<\/div>\n\n<div id='gallery-2' class='gallery galleryid-239 gallery-columns-3 gallery-size-thumbnail'><figure class='gallery-item'>\n\t\t\t<div class='gallery-icon landscape'>\n\t\t\t\t<a href='https:\/\/gregoirecharlier.be\/?attachment_id=275'><img loading=\"lazy\" decoding=\"async\" width=\"150\" height=\"150\" src=\"https:\/\/gregoirecharlier.be\/wp-content\/uploads\/2015\/12\/Restauration-de-deux-flammes-en-pierre-bleue-Avant-150x150.jpg\" class=\"attachment-thumbnail size-thumbnail\" alt=\"\" aria-describedby=\"gallery-2-275\" \/><\/a>\n\t\t\t<\/div>\n\t\t\t\t<figcaption class='wp-caption-text gallery-caption' id='gallery-2-275'>\n\t\t\t\tRestauration de deux flammes en pierre bleue &#8211; Avant\n\t\t\t\t<\/figcaption><\/figure><figure class='gallery-item'>\n\t\t\t<div class='gallery-icon landscape'>\n\t\t\t\t<a href='https:\/\/gregoirecharlier.be\/?attachment_id=274'><img loading=\"lazy\" decoding=\"async\" width=\"150\" height=\"150\" src=\"https:\/\/gregoirecharlier.be\/wp-content\/uploads\/2015\/12\/Restauration-de-deux-flammes-en-pierre-bleue-Apr\u00e8s-150x150.jpg\" class=\"attachment-thumbnail size-thumbnail\" alt=\"\" aria-describedby=\"gallery-2-274\" \/><\/a>\n\t\t\t<\/div>\n\t\t\t\t<figcaption class='wp-caption-text gallery-caption' id='gallery-2-274'>\n\t\t\t\tRestauration de deux flammes en pierre bleue &#8211; Apr\u00e8s\n\t\t\t\t<\/figcaption><\/figure>\n\t\t<\/div>\n\n<div id='gallery-3' class='gallery galleryid-239 gallery-columns-3 gallery-size-thumbnail'><figure class='gallery-item'>\n\t\t\t<div class='gallery-icon landscape'>\n\t\t\t\t<a href='https:\/\/gregoirecharlier.be\/?attachment_id=256'><img loading=\"lazy\" decoding=\"async\" width=\"150\" height=\"150\" src=\"https:\/\/gregoirecharlier.be\/wp-content\/uploads\/2015\/03\/Restauration-dune-st\u00e8le-comm\u00e9morative-Avant-150x150.jpg\" class=\"attachment-thumbnail size-thumbnail\" alt=\"\" aria-describedby=\"gallery-3-256\" \/><\/a>\n\t\t\t<\/div>\n\t\t\t\t<figcaption class='wp-caption-text gallery-caption' id='gallery-3-256'>\n\t\t\t\tRestauration d&rsquo;une st\u00e8le comm\u00e9morative en pierre bleue &#8211; Avant\n\t\t\t\t<\/figcaption><\/figure><figure class='gallery-item'>\n\t\t\t<div class='gallery-icon landscape'>\n\t\t\t\t<a href='https:\/\/gregoirecharlier.be\/?attachment_id=255'><img loading=\"lazy\" decoding=\"async\" width=\"150\" height=\"150\" src=\"https:\/\/gregoirecharlier.be\/wp-content\/uploads\/2015\/03\/Restauration-dune-st\u00e8le-comm\u00e9morative-Apr\u00e8s1-150x150.jpg\" class=\"attachment-thumbnail size-thumbnail\" alt=\"\" aria-describedby=\"gallery-3-255\" \/><\/a>\n\t\t\t<\/div>\n\t\t\t\t<figcaption class='wp-caption-text gallery-caption' id='gallery-3-255'>\n\t\t\t\tRestauration d&rsquo;une st\u00e8le comm\u00e9morative en pierre bleue &#8211; Apr\u00e8s\n\t\t\t\t<\/figcaption><\/figure>\n\t\t<\/div>\n\n<div id='gallery-4' class='gallery galleryid-239 gallery-columns-3 gallery-size-thumbnail'><figure class='gallery-item'>\n\t\t\t<div class='gallery-icon portrait'>\n\t\t\t\t<a href='https:\/\/gregoirecharlier.be\/?attachment_id=238'><img loading=\"lazy\" decoding=\"async\" width=\"150\" height=\"150\" src=\"https:\/\/gregoirecharlier.be\/wp-content\/uploads\/2014\/10\/Pinacle-St-Martin-150x150.jpg\" class=\"attachment-thumbnail size-thumbnail\" alt=\"\" aria-describedby=\"gallery-4-238\" \/><\/a>\n\t\t\t<\/div>\n\t\t\t\t<figcaption class='wp-caption-text gallery-caption' id='gallery-4-238'>\n\t\t\t\tRestauration d&rsquo;un pinacle en pierre de France (jaune) sur l&rsquo;Eglise Saint Martin \u00e0 Li\u00e8ge\n\t\t\t\t<\/figcaption><\/figure><figure class='gallery-item'>\n\t\t\t<div class='gallery-icon portrait'>\n\t\t\t\t<a href='https:\/\/gregoirecharlier.be\/?attachment_id=237'><img loading=\"lazy\" decoding=\"async\" width=\"150\" height=\"150\" src=\"https:\/\/gregoirecharlier.be\/wp-content\/uploads\/2014\/10\/Pinacle-Basilique-Saint-Martin-\u00e0-Li\u00e8ge-150x150.jpg\" class=\"attachment-thumbnail size-thumbnail\" alt=\"\" aria-describedby=\"gallery-4-237\" \/><\/a>\n\t\t\t<\/div>\n\t\t\t\t<figcaption class='wp-caption-text gallery-caption' id='gallery-4-237'>\n\t\t\t\tEl\u00e9ment d&rsquo;un pinacle restaur\u00e9 en pierre de France sur l&rsquo;Eglise Saint Martin \u00e0 Li\u00e8ge\n\t\t\t\t<\/figcaption><\/figure>\n\t\t<\/div>\n\n<div id='gallery-5' class='gallery galleryid-239 gallery-columns-3 gallery-size-thumbnail'><figure class='gallery-item'>\n\t\t\t<div class='gallery-icon portrait'>\n\t\t\t\t<a href='https:\/\/gregoirecharlier.be\/?attachment_id=231'><img loading=\"lazy\" decoding=\"async\" width=\"150\" height=\"150\" src=\"https:\/\/gregoirecharlier.be\/wp-content\/uploads\/2014\/10\/Bo\u00eete-aux-lettres-150x150.jpg\" class=\"attachment-thumbnail size-thumbnail\" alt=\"\" aria-describedby=\"gallery-5-231\" \/><\/a>\n\t\t\t<\/div>\n\t\t\t\t<figcaption class='wp-caption-text gallery-caption' id='gallery-5-231'>\n\t\t\t\tBo\u00eete-aux-lettres en pierre bleue du Condroz\n\t\t\t\t<\/figcaption><\/figure>\n\t\t<\/div>\n\n<div id='gallery-6' class='gallery galleryid-239 gallery-columns-3 gallery-size-thumbnail'><figure class='gallery-item'>\n\t\t\t<div class='gallery-icon landscape'>\n\t\t\t\t<a href='https:\/\/gregoirecharlier.be\/?attachment_id=232'><img loading=\"lazy\" decoding=\"async\" width=\"150\" height=\"150\" src=\"https:\/\/gregoirecharlier.be\/wp-content\/uploads\/2014\/10\/Calice-3-150x150.jpg\" class=\"attachment-thumbnail size-thumbnail\" alt=\"\" aria-describedby=\"gallery-6-232\" \/><\/a>\n\t\t\t<\/div>\n\t\t\t\t<figcaption class='wp-caption-text gallery-caption' id='gallery-6-232'>\n\t\t\t\tCalice en calcaire de Vinalmont\n\t\t\t\t<\/figcaption><\/figure>\n\t\t<\/div>\n\n<div id='gallery-7' class='gallery galleryid-239 gallery-columns-3 gallery-size-thumbnail'><figure class='gallery-item'>\n\t\t\t<div class='gallery-icon portrait'>\n\t\t\t\t<a href='https:\/\/gregoirecharlier.be\/?attachment_id=234'><img loading=\"lazy\" decoding=\"async\" width=\"150\" height=\"150\" src=\"https:\/\/gregoirecharlier.be\/wp-content\/uploads\/2014\/10\/Chapiteau-2-150x150.jpg\" class=\"attachment-thumbnail size-thumbnail\" alt=\"\" aria-describedby=\"gallery-7-234\" \/><\/a>\n\t\t\t<\/div>\n\t\t\t\t<figcaption class='wp-caption-text gallery-caption' id='gallery-7-234'>\n\t\t\t\tChapiteau d&rsquo;une colonne de type roman en tuffeau\n\t\t\t\t<\/figcaption><\/figure><figure class='gallery-item'>\n\t\t\t<div class='gallery-icon portrait'>\n\t\t\t\t<a href='https:\/\/gregoirecharlier.be\/?attachment_id=233'><img loading=\"lazy\" decoding=\"async\" width=\"150\" height=\"150\" src=\"https:\/\/gregoirecharlier.be\/wp-content\/uploads\/2014\/10\/Chapiteau-1-150x150.jpg\" class=\"attachment-thumbnail size-thumbnail\" alt=\"\" aria-describedby=\"gallery-7-233\" \/><\/a>\n\t\t\t<\/div>\n\t\t\t\t<figcaption class='wp-caption-text gallery-caption' id='gallery-7-233'>\n\t\t\t\tChapiteau d&rsquo;une colonne de type roman en tuffeau\n\t\t\t\t<\/figcaption><\/figure>\n\t\t<\/div>\n\n<div id='gallery-8' class='gallery galleryid-239 gallery-columns-3 gallery-size-thumbnail'><figure class='gallery-item'>\n\t\t\t<div class='gallery-icon portrait'>\n\t\t\t\t<a href='https:\/\/gregoirecharlier.be\/?attachment_id=236'><img loading=\"lazy\" decoding=\"async\" width=\"150\" height=\"150\" src=\"https:\/\/gregoirecharlier.be\/wp-content\/uploads\/2014\/10\/Ob\u00e9lisque-2-150x150.jpg\" class=\"attachment-thumbnail size-thumbnail\" alt=\"\" aria-describedby=\"gallery-8-236\" \/><\/a>\n\t\t\t<\/div>\n\t\t\t\t<figcaption class='wp-caption-text gallery-caption' id='gallery-8-236'>\n\t\t\t\tOb\u00e9lisque en pierre bleue de Condroz grav\u00e9\n\t\t\t\t<\/figcaption><\/figure><figure class='gallery-item'>\n\t\t\t<div class='gallery-icon portrait'>\n\t\t\t\t<a href='https:\/\/gregoirecharlier.be\/?attachment_id=235'><img loading=\"lazy\" decoding=\"async\" width=\"150\" height=\"150\" src=\"https:\/\/gregoirecharlier.be\/wp-content\/uploads\/2014\/10\/Ob\u00e9lisque-1-150x150.jpg\" class=\"attachment-thumbnail size-thumbnail\" alt=\"\" aria-describedby=\"gallery-8-235\" \/><\/a>\n\t\t\t<\/div>\n\t\t\t\t<figcaption class='wp-caption-text gallery-caption' id='gallery-8-235'>\n\t\t\t\tOb\u00e9lisque en pierre bleue de Condroz grav\u00e9\n\t\t\t\t<\/figcaption><\/figure>\n\t\t<\/div>\n\n","protected":false},"excerpt":{"rendered":"","protected":false},"author":1,"featured_media":0,"parent":531,"menu_order":0,"comment_status":"open","ping_status":"closed","template":"","meta":{"site-sidebar-layout":"default","site-content-layout":"","ast-site-content-layout":"default","site-content-style":"default","site-sidebar-style":"default","ast-global-header-display":"","ast-banner-title-visibility":"","ast-main-header-display":"","ast-hfb-above-header-display":"","ast-hfb-below-header-display":"","ast-hfb-mobile-header-display":"","site-post-title":"","ast-breadcrumbs-content":"","ast-featured-img":"","footer-sml-layout":"","theme-transparent-header-meta":"","adv-header-id-meta":"","stick-header-meta":"","header-above-stick-meta":"","header-main-stick-meta":"","header-below-stick-meta":"","astra-migrate-meta-layouts":"default","ast-page-background-enabled":"default","ast-page-background-meta":{"desktop":{"background-color":"var(--ast-global-color-5)","background-image":"","background-repeat":"repeat","background-position":"center center","background-size":"auto","background-attachment":"scroll","background-type":"","background-media":"","overlay-type":"","overlay-color":"","overlay-opacity":"","overlay-gradient":""},"tablet":{"background-color":"","background-image":"","background-repeat":"repeat","background-position":"center center","background-size":"auto","background-attachment":"scroll","background-type":"","background-media":"","overlay-type":"","overlay-color":"","overlay-opacity":"","overlay-gradient":""},"mobile":{"background-color":"","background-image":"","background-repeat":"repeat","background-position":"center center","background-size":"auto","background-attachment":"scroll","background-type":"","background-media":"","overlay-type":"","overlay-color":"","overlay-opacity":"","overlay-gradient":""}},"ast-content-background-meta":{"desktop":{"background-color":"var(--ast-global-color-4)","background-image":"","background-repeat":"repeat","background-position":"center center","background-size":"auto","background-attachment":"scroll","background-type":"","background-media":"","overlay-type":"","overlay-color":"","overlay-opacity":"","overlay-gradient":""},"tablet":{"background-color":"var(--ast-global-color-4)","background-image":"","background-repeat":"repeat","background-position":"center center","background-size":"auto","background-attachment":"scroll","background-type":"","background-media":"","overlay-type":"","overlay-color":"","overlay-opacity":"","overlay-gradient":""},"mobile":{"background-color":"var(--ast-global-color-4)","background-image":"","background-repeat":"repeat","background-position":"center center","background-size":"auto","background-attachment":"scroll","background-type":"","background-media":"","overlay-type":"","overlay-color":"","overlay-opacity":"","overlay-gradient":""}},"footnotes":""},"class_list":["post-239","page","type-page","status-publish","hentry"],"yoast_head":"<!-- This site is optimized with the Yoast SEO plugin v27.5 - https:\/\/yoast.com\/product\/yoast-seo-wordpress\/ -->\n<title>R\u00e9alisations et travail de taille - Gr\u00e9goire Charlier<\/title>\n<meta name=\"robots\" content=\"index, follow, max-snippet:-1, max-image-preview:large, max-video-preview:-1\" \/>\n<link rel=\"canonical\" href=\"https:\/\/gregoirecharlier.be\/?page_id=239\" \/>\n<meta property=\"og:locale\" content=\"fr_FR\" \/>\n<meta property=\"og:type\" content=\"article\" \/>\n<meta property=\"og:title\" content=\"R\u00e9alisations et travail de taille - Gr\u00e9goire Charlier\" \/>\n<meta property=\"og:url\" content=\"https:\/\/gregoirecharlier.be\/?page_id=239\" \/>\n<meta property=\"og:site_name\" content=\"Gr\u00e9goire Charlier\" \/>\n<meta property=\"article:modified_time\" content=\"2025-07-29T14:57:40+00:00\" \/>\n<meta property=\"og:image\" content=\"https:\/\/gregoirecharlier.be\/wp-content\/uploads\/2015\/12\/Monument-Medery-Tonka-Avant-150x150.jpg\" \/>\n<meta name=\"twitter:card\" content=\"summary_large_image\" \/>\n<script type=\"application\/ld+json\" class=\"yoast-schema-graph\">{\"@context\":\"https:\\\/\\\/schema.org\",\"@graph\":[{\"@type\":\"WebPage\",\"@id\":\"https:\\\/\\\/gregoirecharlier.be\\\/?page_id=239\",\"url\":\"https:\\\/\\\/gregoirecharlier.be\\\/?page_id=239\",\"name\":\"R\u00e9alisations et travail de taille - Gr\u00e9goire Charlier\",\"isPartOf\":{\"@id\":\"https:\\\/\\\/gregoirecharlier.be\\\/#website\"},\"datePublished\":\"2014-10-02T20:34:35+00:00\",\"dateModified\":\"2025-07-29T14:57:40+00:00\",\"breadcrumb\":{\"@id\":\"https:\\\/\\\/gregoirecharlier.be\\\/?page_id=239#breadcrumb\"},\"inLanguage\":\"fr-FR\",\"potentialAction\":[{\"@type\":\"ReadAction\",\"target\":[\"https:\\\/\\\/gregoirecharlier.be\\\/?page_id=239\"]}]},{\"@type\":\"BreadcrumbList\",\"@id\":\"https:\\\/\\\/gregoirecharlier.be\\\/?page_id=239#breadcrumb\",\"itemListElement\":[{\"@type\":\"ListItem\",\"position\":1,\"name\":\"Accueil\",\"item\":\"https:\\\/\\\/gregoirecharlier.be\\\/\"},{\"@type\":\"ListItem\",\"position\":2,\"name\":\"GALERIES\",\"item\":\"https:\\\/\\\/gregoirecharlier.be\\\/?page_id=531\"},{\"@type\":\"ListItem\",\"position\":3,\"name\":\"R\u00e9alisations et travail de taille\"}]},{\"@type\":\"WebSite\",\"@id\":\"https:\\\/\\\/gregoirecharlier.be\\\/#website\",\"url\":\"https:\\\/\\\/gregoirecharlier.be\\\/\",\"name\":\"Gr\u00e9goire Charlier - GCStones - Sculpture, gravure et taille de pierre\",\"description\":\"\",\"publisher\":{\"@id\":\"https:\\\/\\\/gregoirecharlier.be\\\/#\\\/schema\\\/person\\\/aef19a7a961f4b27d00d2e33b6b92908\"},\"potentialAction\":[{\"@type\":\"SearchAction\",\"target\":{\"@type\":\"EntryPoint\",\"urlTemplate\":\"https:\\\/\\\/gregoirecharlier.be\\\/?s={search_term_string}\"},\"query-input\":{\"@type\":\"PropertyValueSpecification\",\"valueRequired\":true,\"valueName\":\"search_term_string\"}}],\"inLanguage\":\"fr-FR\"},{\"@type\":[\"Person\",\"Organization\"],\"@id\":\"https:\\\/\\\/gregoirecharlier.be\\\/#\\\/schema\\\/person\\\/aef19a7a961f4b27d00d2e33b6b92908\",\"name\":\"Gr\u00e9goire Charlier\",\"image\":{\"@type\":\"ImageObject\",\"inLanguage\":\"fr-FR\",\"@id\":\"https:\\\/\\\/gregoirecharlier.be\\\/wp-content\\\/uploads\\\/2018\\\/04\\\/cropped-Greg2018_autocollant_400x300_corr.jpg\",\"url\":\"https:\\\/\\\/gregoirecharlier.be\\\/wp-content\\\/uploads\\\/2018\\\/04\\\/cropped-Greg2018_autocollant_400x300_corr.jpg\",\"contentUrl\":\"https:\\\/\\\/gregoirecharlier.be\\\/wp-content\\\/uploads\\\/2018\\\/04\\\/cropped-Greg2018_autocollant_400x300_corr.jpg\",\"width\":2000,\"height\":1500,\"caption\":\"Gr\u00e9goire Charlier\"},\"logo\":{\"@id\":\"https:\\\/\\\/gregoirecharlier.be\\\/wp-content\\\/uploads\\\/2018\\\/04\\\/cropped-Greg2018_autocollant_400x300_corr.jpg\"},\"sameAs\":[\"http:\\\/\\\/www.gregoirecharlier.be\"]}]}<\/script>\n<!-- \/ Yoast SEO plugin. -->","yoast_head_json":{"title":"R\u00e9alisations et travail de taille - Gr\u00e9goire Charlier","robots":{"index":"index","follow":"follow","max-snippet":"max-snippet:-1","max-image-preview":"max-image-preview:large","max-video-preview":"max-video-preview:-1"},"canonical":"https:\/\/gregoirecharlier.be\/?page_id=239","og_locale":"fr_FR","og_type":"article","og_title":"R\u00e9alisations et travail de taille - Gr\u00e9goire Charlier","og_url":"https:\/\/gregoirecharlier.be\/?page_id=239","og_site_name":"Gr\u00e9goire Charlier","article_modified_time":"2025-07-29T14:57:40+00:00","og_image":[{"url":"https:\/\/gregoirecharlier.be\/wp-content\/uploads\/2015\/12\/Monument-Medery-Tonka-Avant-150x150.jpg","type":"","width":"","height":""}],"twitter_card":"summary_large_image","schema":{"@context":"https:\/\/schema.org","@graph":[{"@type":"WebPage","@id":"https:\/\/gregoirecharlier.be\/?page_id=239","url":"https:\/\/gregoirecharlier.be\/?page_id=239","name":"R\u00e9alisations et travail de taille - Gr\u00e9goire Charlier","isPartOf":{"@id":"https:\/\/gregoirecharlier.be\/#website"},"datePublished":"2014-10-02T20:34:35+00:00","dateModified":"2025-07-29T14:57:40+00:00","breadcrumb":{"@id":"https:\/\/gregoirecharlier.be\/?page_id=239#breadcrumb"},"inLanguage":"fr-FR","potentialAction":[{"@type":"ReadAction","target":["https:\/\/gregoirecharlier.be\/?page_id=239"]}]},{"@type":"BreadcrumbList","@id":"https:\/\/gregoirecharlier.be\/?page_id=239#breadcrumb","itemListElement":[{"@type":"ListItem","position":1,"name":"Accueil","item":"https:\/\/gregoirecharlier.be\/"},{"@type":"ListItem","position":2,"name":"GALERIES","item":"https:\/\/gregoirecharlier.be\/?page_id=531"},{"@type":"ListItem","position":3,"name":"R\u00e9alisations et travail de taille"}]},{"@type":"WebSite","@id":"https:\/\/gregoirecharlier.be\/#website","url":"https:\/\/gregoirecharlier.be\/","name":"Gr\u00e9goire Charlier - GCStones - Sculpture, gravure et taille de pierre","description":"","publisher":{"@id":"https:\/\/gregoirecharlier.be\/#\/schema\/person\/aef19a7a961f4b27d00d2e33b6b92908"},"potentialAction":[{"@type":"SearchAction","target":{"@type":"EntryPoint","urlTemplate":"https:\/\/gregoirecharlier.be\/?s={search_term_string}"},"query-input":{"@type":"PropertyValueSpecification","valueRequired":true,"valueName":"search_term_string"}}],"inLanguage":"fr-FR"},{"@type":["Person","Organization"],"@id":"https:\/\/gregoirecharlier.be\/#\/schema\/person\/aef19a7a961f4b27d00d2e33b6b92908","name":"Gr\u00e9goire Charlier","image":{"@type":"ImageObject","inLanguage":"fr-FR","@id":"https:\/\/gregoirecharlier.be\/wp-content\/uploads\/2018\/04\/cropped-Greg2018_autocollant_400x300_corr.jpg","url":"https:\/\/gregoirecharlier.be\/wp-content\/uploads\/2018\/04\/cropped-Greg2018_autocollant_400x300_corr.jpg","contentUrl":"https:\/\/gregoirecharlier.be\/wp-content\/uploads\/2018\/04\/cropped-Greg2018_autocollant_400x300_corr.jpg","width":2000,"height":1500,"caption":"Gr\u00e9goire Charlier"},"logo":{"@id":"https:\/\/gregoirecharlier.be\/wp-content\/uploads\/2018\/04\/cropped-Greg2018_autocollant_400x300_corr.jpg"},"sameAs":["http:\/\/www.gregoirecharlier.be"]}]}},"_links":{"self":[{"href":"https:\/\/gregoirecharlier.be\/index.php?rest_route=\/wp\/v2\/pages\/239","targetHints":{"allow":["GET"]}}],"collection":[{"href":"https:\/\/gregoirecharlier.be\/index.php?rest_route=\/wp\/v2\/pages"}],"about":[{"href":"https:\/\/gregoirecharlier.be\/index.php?rest_route=\/wp\/v2\/types\/page"}],"author":[{"embeddable":true,"href":"https:\/\/gregoirecharlier.be\/index.php?rest_route=\/wp\/v2\/users\/1"}],"replies":[{"embeddable":true,"href":"https:\/\/gregoirecharlier.be\/index.php?rest_route=%2Fwp%2Fv2%2Fcomments&post=239"}],"version-history":[{"count":9,"href":"https:\/\/gregoirecharlier.be\/index.php?rest_route=\/wp\/v2\/pages\/239\/revisions"}],"predecessor-version":[{"id":279,"href":"https:\/\/gregoirecharlier.be\/index.php?rest_route=\/wp\/v2\/pages\/239\/revisions\/279"}],"up":[{"embeddable":true,"href":"https:\/\/gregoirecharlier.be\/index.php?rest_route=\/wp\/v2\/pages\/531"}],"wp:attachment":[{"href":"https:\/\/gregoirecharlier.be\/index.php?rest_route=%2Fwp%2Fv2%2Fmedia&parent=239"}],"curies":[{"name":"wp","href":"https:\/\/api.w.org\/{rel}","templated":true}]}}