{"id":114,"date":"2013-10-13T23:39:06","date_gmt":"2013-10-13T22:39:06","guid":{"rendered":"http:\/\/gregoirecharlier.be\/?page_id=114"},"modified":"2025-07-31T14:47:24","modified_gmt":"2025-07-31T13:47:24","slug":"gravure-funeraire","status":"publish","type":"page","link":"https:\/\/gregoirecharlier.be\/?page_id=114","title":{"rendered":"Fun\u00e9raire"},"content":{"rendered":"\n<figure class=\"wp-block-gallery has-nested-images columns-3 is-cropped wp-block-gallery-1 is-layout-flex wp-block-gallery-is-layout-flex\">\n<figure class=\"wp-block-image size-large\"><img loading=\"lazy\" decoding=\"async\" width=\"450\" height=\"600\" data-id=\"470\" src=\"https:\/\/gregoirecharlier.be\/wp-content\/uploads\/2018\/04\/Gravure-sur-granit-dur-avant.jpg\" alt=\"\" class=\"wp-image-470\" srcset=\"https:\/\/gregoirecharlier.be\/wp-content\/uploads\/2018\/04\/Gravure-sur-granit-dur-avant.jpg 450w, https:\/\/gregoirecharlier.be\/wp-content\/uploads\/2018\/04\/Gravure-sur-granit-dur-avant-225x300.jpg 225w\" sizes=\"auto, (max-width: 450px) 100vw, 450px\" \/><\/figure>\n\n\n\n<figure class=\"wp-block-image size-large\"><img loading=\"lazy\" decoding=\"async\" width=\"450\" height=\"600\" data-id=\"469\" src=\"https:\/\/gregoirecharlier.be\/wp-content\/uploads\/2018\/04\/Gravure-sur-granit-dur-apr\u00e8s.jpg\" alt=\"\" class=\"wp-image-469\" srcset=\"https:\/\/gregoirecharlier.be\/wp-content\/uploads\/2018\/04\/Gravure-sur-granit-dur-apr\u00e8s.jpg 450w, https:\/\/gregoirecharlier.be\/wp-content\/uploads\/2018\/04\/Gravure-sur-granit-dur-apr\u00e8s-225x300.jpg 225w\" sizes=\"auto, (max-width: 450px) 100vw, 450px\" \/><\/figure>\n<\/figure>\n\n\n\n<p>Gravure fun\u00e9raire sur monument en granit &#8211; Avant\/Apr\u00e8s.<\/p>\n\n\n\n<figure class=\"wp-block-gallery has-nested-images columns-3 is-cropped wp-block-gallery-2 is-layout-flex wp-block-gallery-is-layout-flex\">\n<figure class=\"wp-block-image size-large\"><img loading=\"lazy\" decoding=\"async\" width=\"1024\" height=\"768\" data-id=\"383\" src=\"https:\/\/gregoirecharlier.be\/wp-content\/uploads\/2018\/01\/St\u00e8le-LOTHAIRE-2-1024x768.jpg\" alt=\"\" class=\"wp-image-383\" srcset=\"https:\/\/gregoirecharlier.be\/wp-content\/uploads\/2018\/01\/St\u00e8le-LOTHAIRE-2-1024x768.jpg 1024w, https:\/\/gregoirecharlier.be\/wp-content\/uploads\/2018\/01\/St\u00e8le-LOTHAIRE-2-300x225.jpg 300w, https:\/\/gregoirecharlier.be\/wp-content\/uploads\/2018\/01\/St\u00e8le-LOTHAIRE-2-768x576.jpg 768w, https:\/\/gregoirecharlier.be\/wp-content\/uploads\/2018\/01\/St\u00e8le-LOTHAIRE-2-624x468.jpg 624w\" sizes=\"auto, (max-width: 1024px) 100vw, 1024px\" \/><\/figure>\n\n\n\n<figure class=\"wp-block-image size-large\"><img loading=\"lazy\" decoding=\"async\" width=\"1024\" height=\"768\" data-id=\"382\" src=\"https:\/\/gregoirecharlier.be\/wp-content\/uploads\/2018\/01\/St\u00e8le-LOTHAIRE-1-1024x768.jpg\" alt=\"\" class=\"wp-image-382\" srcset=\"https:\/\/gregoirecharlier.be\/wp-content\/uploads\/2018\/01\/St\u00e8le-LOTHAIRE-1-1024x768.jpg 1024w, https:\/\/gregoirecharlier.be\/wp-content\/uploads\/2018\/01\/St\u00e8le-LOTHAIRE-1-300x225.jpg 300w, https:\/\/gregoirecharlier.be\/wp-content\/uploads\/2018\/01\/St\u00e8le-LOTHAIRE-1-768x576.jpg 768w, https:\/\/gregoirecharlier.be\/wp-content\/uploads\/2018\/01\/St\u00e8le-LOTHAIRE-1-624x468.jpg 624w\" sizes=\"auto, (max-width: 1024px) 100vw, 1024px\" \/><\/figure>\n<\/figure>\n\n\n\n<p>Gravure fun\u00e9raire sur st\u00e8le sur st\u00e8le en pierre bleue.<\/p>\n\n\n\n<figure class=\"wp-block-gallery has-nested-images columns-3 is-cropped wp-block-gallery-3 is-layout-flex wp-block-gallery-is-layout-flex\">\n<figure class=\"wp-block-image size-large\"><img loading=\"lazy\" decoding=\"async\" width=\"450\" height=\"600\" data-id=\"344\" src=\"https:\/\/gregoirecharlier.be\/wp-content\/uploads\/2016\/10\/Monument-BEBELMAN-PARISIS-Avant.jpg\" alt=\"\" class=\"wp-image-344\" srcset=\"https:\/\/gregoirecharlier.be\/wp-content\/uploads\/2016\/10\/Monument-BEBELMAN-PARISIS-Avant.jpg 450w, https:\/\/gregoirecharlier.be\/wp-content\/uploads\/2016\/10\/Monument-BEBELMAN-PARISIS-Avant-225x300.jpg 225w\" sizes=\"auto, (max-width: 450px) 100vw, 450px\" \/><\/figure>\n\n\n\n<figure class=\"wp-block-image size-large\"><img loading=\"lazy\" decoding=\"async\" width=\"450\" height=\"600\" data-id=\"343\" src=\"https:\/\/gregoirecharlier.be\/wp-content\/uploads\/2016\/10\/Monument-BEBELMAN-PARISIS-Apr\u00e8s.jpg\" alt=\"\" class=\"wp-image-343\" srcset=\"https:\/\/gregoirecharlier.be\/wp-content\/uploads\/2016\/10\/Monument-BEBELMAN-PARISIS-Apr\u00e8s.jpg 450w, https:\/\/gregoirecharlier.be\/wp-content\/uploads\/2016\/10\/Monument-BEBELMAN-PARISIS-Apr\u00e8s-225x300.jpg 225w\" sizes=\"auto, (max-width: 450px) 100vw, 450px\" \/><\/figure>\n<\/figure>\n\n\n\n<p>Restauration du lettrage et de la croix sur une st\u00e8le fun\u00e9raire en pierre bleue. Croix piquet\u00e9e.<\/p>\n\n\n\n<figure class=\"wp-block-gallery has-nested-images columns-3 is-cropped wp-block-gallery-4 is-layout-flex wp-block-gallery-is-layout-flex\">\n<figure class=\"wp-block-image size-large\"><img loading=\"lazy\" decoding=\"async\" width=\"450\" height=\"600\" data-id=\"342\" src=\"https:\/\/gregoirecharlier.be\/wp-content\/uploads\/2016\/10\/Monument-BEBELMAN-COLSOUL-Avant.jpg\" alt=\"\" class=\"wp-image-342\" srcset=\"https:\/\/gregoirecharlier.be\/wp-content\/uploads\/2016\/10\/Monument-BEBELMAN-COLSOUL-Avant.jpg 450w, https:\/\/gregoirecharlier.be\/wp-content\/uploads\/2016\/10\/Monument-BEBELMAN-COLSOUL-Avant-225x300.jpg 225w\" sizes=\"auto, (max-width: 450px) 100vw, 450px\" \/><\/figure>\n\n\n\n<figure class=\"wp-block-image size-large\"><img loading=\"lazy\" decoding=\"async\" width=\"450\" height=\"600\" data-id=\"341\" src=\"https:\/\/gregoirecharlier.be\/wp-content\/uploads\/2016\/10\/Monument-BEBELMAN-COLSOUL-Apr\u00e8s.jpg\" alt=\"\" class=\"wp-image-341\" srcset=\"https:\/\/gregoirecharlier.be\/wp-content\/uploads\/2016\/10\/Monument-BEBELMAN-COLSOUL-Apr\u00e8s.jpg 450w, https:\/\/gregoirecharlier.be\/wp-content\/uploads\/2016\/10\/Monument-BEBELMAN-COLSOUL-Apr\u00e8s-225x300.jpg 225w\" sizes=\"auto, (max-width: 450px) 100vw, 450px\" \/><\/figure>\n<\/figure>\n\n\n\n<p>Ajout d&rsquo;une inscription grav\u00e9e sur une st\u00e8le en pierre bleue.<\/p>\n\n\n\n<figure class=\"wp-block-gallery has-nested-images columns-3 is-cropped wp-block-gallery-5 is-layout-flex wp-block-gallery-is-layout-flex\">\n<figure class=\"wp-block-image size-large\"><img loading=\"lazy\" decoding=\"async\" width=\"750\" height=\"1000\" data-id=\"299\" src=\"https:\/\/gregoirecharlier.be\/wp-content\/uploads\/2016\/10\/Avant.jpg\" alt=\"\" class=\"wp-image-299\" srcset=\"https:\/\/gregoirecharlier.be\/wp-content\/uploads\/2016\/10\/Avant.jpg 750w, https:\/\/gregoirecharlier.be\/wp-content\/uploads\/2016\/10\/Avant-225x300.jpg 225w, https:\/\/gregoirecharlier.be\/wp-content\/uploads\/2016\/10\/Avant-624x832.jpg 624w\" sizes=\"auto, (max-width: 750px) 100vw, 750px\" \/><\/figure>\n\n\n\n<figure class=\"wp-block-image size-large\"><img loading=\"lazy\" decoding=\"async\" width=\"1000\" height=\"750\" data-id=\"298\" src=\"https:\/\/gregoirecharlier.be\/wp-content\/uploads\/2016\/10\/Apr\u00e8s.jpg\" alt=\"\" class=\"wp-image-298\" srcset=\"https:\/\/gregoirecharlier.be\/wp-content\/uploads\/2016\/10\/Apr\u00e8s.jpg 1000w, https:\/\/gregoirecharlier.be\/wp-content\/uploads\/2016\/10\/Apr\u00e8s-300x225.jpg 300w, https:\/\/gregoirecharlier.be\/wp-content\/uploads\/2016\/10\/Apr\u00e8s-624x468.jpg 624w\" sizes=\"auto, (max-width: 1000px) 100vw, 1000px\" \/><\/figure>\n<\/figure>\n\n\n\n<p>Ajout d&rsquo;une inscription grav\u00e9e sur une st\u00e8le en pierre bleue. Peinture noire.<\/p>\n\n\n\n<figure class=\"wp-block-image alignnone\"><a href=\"https:\/\/gregoirecharlier.be\/wp-content\/uploads\/2016\/10\/Concession-Toussaint-Renard-1.jpg\"><img loading=\"lazy\" decoding=\"async\" width=\"300\" height=\"225\" src=\"https:\/\/gregoirecharlier.be\/wp-content\/uploads\/2016\/10\/Concession-Toussaint-Renard-1-300x225.jpg\" alt=\"Ajout de caract\u00e8res retenus sur fond piquet\u00e9\" class=\"wp-image-300\" srcset=\"https:\/\/gregoirecharlier.be\/wp-content\/uploads\/2016\/10\/Concession-Toussaint-Renard-1-300x225.jpg 300w, https:\/\/gregoirecharlier.be\/wp-content\/uploads\/2016\/10\/Concession-Toussaint-Renard-1-624x468.jpg 624w, https:\/\/gregoirecharlier.be\/wp-content\/uploads\/2016\/10\/Concession-Toussaint-Renard-1.jpg 1000w\" sizes=\"auto, (max-width: 300px) 100vw, 300px\" \/><\/a><figcaption class=\"wp-element-caption\">Ajout de caract\u00e8res retenus sur fond piquet\u00e9. St\u00e8le fun\u00e9raire en pierre bleue.<\/figcaption><\/figure>\n\n\n\n<figure class=\"wp-block-image alignnone\"><a href=\"https:\/\/gregoirecharlier.be\/wp-content\/uploads\/2016\/10\/Gravure-sur-fronton-en-pierre-bleue.jpg\"><img loading=\"lazy\" decoding=\"async\" width=\"300\" height=\"225\" src=\"https:\/\/gregoirecharlier.be\/wp-content\/uploads\/2016\/10\/Gravure-sur-fronton-en-pierre-bleue-300x225.jpg\" alt=\"Gravure sur fronton en pierre bleue avec croix orthodoxe\" class=\"wp-image-303\" srcset=\"https:\/\/gregoirecharlier.be\/wp-content\/uploads\/2016\/10\/Gravure-sur-fronton-en-pierre-bleue-300x225.jpg 300w, https:\/\/gregoirecharlier.be\/wp-content\/uploads\/2016\/10\/Gravure-sur-fronton-en-pierre-bleue-624x468.jpg 624w, https:\/\/gregoirecharlier.be\/wp-content\/uploads\/2016\/10\/Gravure-sur-fronton-en-pierre-bleue.jpg 1000w\" sizes=\"auto, (max-width: 300px) 100vw, 300px\" \/><\/a><figcaption class=\"wp-element-caption\">Gravure sur fronton en pierre bleue avec croix orthodoxe. St\u00e8le fun\u00e9raire.<\/figcaption><\/figure>\n\n\n\n<figure class=\"wp-block-gallery has-nested-images columns-3 is-cropped wp-block-gallery-6 is-layout-flex wp-block-gallery-is-layout-flex\">\n<figure class=\"wp-block-image size-large\"><img loading=\"lazy\" decoding=\"async\" width=\"666\" height=\"1000\" data-id=\"305\" src=\"https:\/\/gregoirecharlier.be\/wp-content\/uploads\/2016\/10\/LEBRUN-Naturel.jpg\" alt=\"\" class=\"wp-image-305\" srcset=\"https:\/\/gregoirecharlier.be\/wp-content\/uploads\/2016\/10\/LEBRUN-Naturel.jpg 666w, https:\/\/gregoirecharlier.be\/wp-content\/uploads\/2016\/10\/LEBRUN-Naturel-199x300.jpg 199w, https:\/\/gregoirecharlier.be\/wp-content\/uploads\/2016\/10\/LEBRUN-Naturel-624x936.jpg 624w\" sizes=\"auto, (max-width: 666px) 100vw, 666px\" \/><\/figure>\n\n\n\n<figure class=\"wp-block-image size-large\"><img loading=\"lazy\" decoding=\"async\" width=\"750\" height=\"1000\" data-id=\"304\" src=\"https:\/\/gregoirecharlier.be\/wp-content\/uploads\/2016\/10\/LEBRUN-Dor\u00e9.jpg\" alt=\"\" class=\"wp-image-304\" srcset=\"https:\/\/gregoirecharlier.be\/wp-content\/uploads\/2016\/10\/LEBRUN-Dor\u00e9.jpg 750w, https:\/\/gregoirecharlier.be\/wp-content\/uploads\/2016\/10\/LEBRUN-Dor\u00e9-225x300.jpg 225w, https:\/\/gregoirecharlier.be\/wp-content\/uploads\/2016\/10\/LEBRUN-Dor\u00e9-624x832.jpg 624w\" sizes=\"auto, (max-width: 750px) 100vw, 750px\" \/><\/figure>\n<\/figure>\n\n\n\n<p>Dorure \u00e0 la feuille d&rsquo;or d&rsquo;une inscription grav\u00e9e. St\u00e8le fun\u00e9raire en pierre bleue.<\/p>\n\n\n\n<figure class=\"wp-block-gallery has-nested-images columns-3 is-cropped wp-block-gallery-7 is-layout-flex wp-block-gallery-is-layout-flex\">\n<figure class=\"wp-block-image size-large\"><img loading=\"lazy\" decoding=\"async\" width=\"1000\" height=\"750\" data-id=\"308\" src=\"https:\/\/gregoirecharlier.be\/wp-content\/uploads\/2016\/10\/Monument-Hallut-Lamotte-Avant.jpg\" alt=\"\" class=\"wp-image-308\" srcset=\"https:\/\/gregoirecharlier.be\/wp-content\/uploads\/2016\/10\/Monument-Hallut-Lamotte-Avant.jpg 1000w, https:\/\/gregoirecharlier.be\/wp-content\/uploads\/2016\/10\/Monument-Hallut-Lamotte-Avant-300x225.jpg 300w, https:\/\/gregoirecharlier.be\/wp-content\/uploads\/2016\/10\/Monument-Hallut-Lamotte-Avant-624x468.jpg 624w\" sizes=\"auto, (max-width: 1000px) 100vw, 1000px\" \/><\/figure>\n\n\n\n<figure class=\"wp-block-image size-large\"><img loading=\"lazy\" decoding=\"async\" width=\"1000\" height=\"750\" data-id=\"306\" src=\"https:\/\/gregoirecharlier.be\/wp-content\/uploads\/2016\/10\/Monument-Hallut-Lamotte-Apr\u00e8s-1.jpg\" alt=\"\" class=\"wp-image-306\" srcset=\"https:\/\/gregoirecharlier.be\/wp-content\/uploads\/2016\/10\/Monument-Hallut-Lamotte-Apr\u00e8s-1.jpg 1000w, https:\/\/gregoirecharlier.be\/wp-content\/uploads\/2016\/10\/Monument-Hallut-Lamotte-Apr\u00e8s-1-300x225.jpg 300w, https:\/\/gregoirecharlier.be\/wp-content\/uploads\/2016\/10\/Monument-Hallut-Lamotte-Apr\u00e8s-1-624x468.jpg 624w\" sizes=\"auto, (max-width: 1000px) 100vw, 1000px\" \/><\/figure>\n\n\n\n<figure class=\"wp-block-image size-large\"><img loading=\"lazy\" decoding=\"async\" width=\"1000\" height=\"750\" data-id=\"307\" src=\"https:\/\/gregoirecharlier.be\/wp-content\/uploads\/2016\/10\/Monument-Hallut-Lamotte-Apr\u00e8s-2.jpg\" alt=\"\" class=\"wp-image-307\" srcset=\"https:\/\/gregoirecharlier.be\/wp-content\/uploads\/2016\/10\/Monument-Hallut-Lamotte-Apr\u00e8s-2.jpg 1000w, https:\/\/gregoirecharlier.be\/wp-content\/uploads\/2016\/10\/Monument-Hallut-Lamotte-Apr\u00e8s-2-300x225.jpg 300w, https:\/\/gregoirecharlier.be\/wp-content\/uploads\/2016\/10\/Monument-Hallut-Lamotte-Apr\u00e8s-2-624x468.jpg 624w\" sizes=\"auto, (max-width: 1000px) 100vw, 1000px\" \/><\/figure>\n<\/figure>\n\n\n\n<p>Gravure fun\u00e9raire sur un monument en pierre bleue. Peinture noire sur gravure.<\/p>\n\n\n\n<figure class=\"wp-block-gallery has-nested-images columns-3 is-cropped wp-block-gallery-8 is-layout-flex wp-block-gallery-is-layout-flex\">\n<figure class=\"wp-block-image size-large\"><img loading=\"lazy\" decoding=\"async\" width=\"750\" height=\"1000\" data-id=\"310\" src=\"https:\/\/gregoirecharlier.be\/wp-content\/uploads\/2016\/10\/Rafra\u00eechissement-de-la-peinture-dune-gravure-sur-granit-Avant.jpg\" alt=\"\" class=\"wp-image-310\" srcset=\"https:\/\/gregoirecharlier.be\/wp-content\/uploads\/2016\/10\/Rafra\u00eechissement-de-la-peinture-dune-gravure-sur-granit-Avant.jpg 750w, https:\/\/gregoirecharlier.be\/wp-content\/uploads\/2016\/10\/Rafra\u00eechissement-de-la-peinture-dune-gravure-sur-granit-Avant-225x300.jpg 225w, https:\/\/gregoirecharlier.be\/wp-content\/uploads\/2016\/10\/Rafra\u00eechissement-de-la-peinture-dune-gravure-sur-granit-Avant-624x832.jpg 624w\" sizes=\"auto, (max-width: 750px) 100vw, 750px\" \/><\/figure>\n\n\n\n<figure class=\"wp-block-image size-large\"><img loading=\"lazy\" decoding=\"async\" width=\"750\" height=\"1000\" data-id=\"309\" src=\"https:\/\/gregoirecharlier.be\/wp-content\/uploads\/2016\/10\/Rafra\u00eechissement-de-la-peinture-dune-gravure-sur-granit-Apr\u00e8s.jpg\" alt=\"\" class=\"wp-image-309\" srcset=\"https:\/\/gregoirecharlier.be\/wp-content\/uploads\/2016\/10\/Rafra\u00eechissement-de-la-peinture-dune-gravure-sur-granit-Apr\u00e8s.jpg 750w, https:\/\/gregoirecharlier.be\/wp-content\/uploads\/2016\/10\/Rafra\u00eechissement-de-la-peinture-dune-gravure-sur-granit-Apr\u00e8s-225x300.jpg 225w, https:\/\/gregoirecharlier.be\/wp-content\/uploads\/2016\/10\/Rafra\u00eechissement-de-la-peinture-dune-gravure-sur-granit-Apr\u00e8s-624x832.jpg 624w\" sizes=\"auto, (max-width: 750px) 100vw, 750px\" \/><\/figure>\n<\/figure>\n\n\n\n<p>Rechampissage \u00e0 la peinture noire d&rsquo;une inscription fun\u00e9raire sur une st\u00e8le en granit.<\/p>\n\n\n\n<figure class=\"wp-block-gallery has-nested-images columns-3 is-cropped wp-block-gallery-9 is-layout-flex wp-block-gallery-is-layout-flex\">\n<figure class=\"wp-block-image size-large\"><img loading=\"lazy\" decoding=\"async\" width=\"450\" height=\"600\" data-id=\"294\" src=\"https:\/\/gregoirecharlier.be\/wp-content\/uploads\/2015\/12\/Ajout-dune-inscription-grav\u00e9e-sur-un-monument-fun\u00e9raire-Avant.jpg\" alt=\"\" class=\"wp-image-294\" srcset=\"https:\/\/gregoirecharlier.be\/wp-content\/uploads\/2015\/12\/Ajout-dune-inscription-grav\u00e9e-sur-un-monument-fun\u00e9raire-Avant.jpg 450w, https:\/\/gregoirecharlier.be\/wp-content\/uploads\/2015\/12\/Ajout-dune-inscription-grav\u00e9e-sur-un-monument-fun\u00e9raire-Avant-225x300.jpg 225w\" sizes=\"auto, (max-width: 450px) 100vw, 450px\" \/><\/figure>\n\n\n\n<figure class=\"wp-block-image size-large\"><img loading=\"lazy\" decoding=\"async\" width=\"450\" height=\"600\" data-id=\"293\" src=\"https:\/\/gregoirecharlier.be\/wp-content\/uploads\/2015\/12\/Ajout-dune-inscription-grav\u00e9e-sur-un-monument-fun\u00e9raire-Apr\u00e8s.jpg\" alt=\"\" class=\"wp-image-293\" srcset=\"https:\/\/gregoirecharlier.be\/wp-content\/uploads\/2015\/12\/Ajout-dune-inscription-grav\u00e9e-sur-un-monument-fun\u00e9raire-Apr\u00e8s.jpg 450w, https:\/\/gregoirecharlier.be\/wp-content\/uploads\/2015\/12\/Ajout-dune-inscription-grav\u00e9e-sur-un-monument-fun\u00e9raire-Apr\u00e8s-225x300.jpg 225w\" sizes=\"auto, (max-width: 450px) 100vw, 450px\" \/><\/figure>\n\n\n\n<figure class=\"wp-block-image size-large\"><img loading=\"lazy\" decoding=\"async\" width=\"450\" height=\"600\" data-id=\"292\" src=\"https:\/\/gregoirecharlier.be\/wp-content\/uploads\/2015\/12\/Ajout-dune-inscription-grav\u00e9e-sur-un-monument-fun\u00e9raire-Apr\u00e8s-caract\u00e8res-peints-en-noir.jpg\" alt=\"\" class=\"wp-image-292\" srcset=\"https:\/\/gregoirecharlier.be\/wp-content\/uploads\/2015\/12\/Ajout-dune-inscription-grav\u00e9e-sur-un-monument-fun\u00e9raire-Apr\u00e8s-caract\u00e8res-peints-en-noir.jpg 450w, https:\/\/gregoirecharlier.be\/wp-content\/uploads\/2015\/12\/Ajout-dune-inscription-grav\u00e9e-sur-un-monument-fun\u00e9raire-Apr\u00e8s-caract\u00e8res-peints-en-noir-225x300.jpg 225w\" sizes=\"auto, (max-width: 450px) 100vw, 450px\" \/><\/figure>\n<\/figure>\n\n\n\n<p>Ajout d&rsquo;une inscription fun\u00e9raire grav\u00e9e sur en monument en pierre bleue. Peinture noire.<\/p>\n\n\n\n<figure class=\"wp-block-gallery has-nested-images columns-3 is-cropped wp-block-gallery-10 is-layout-flex wp-block-gallery-is-layout-flex\">\n<figure class=\"wp-block-image size-large\"><img loading=\"lazy\" decoding=\"async\" width=\"450\" height=\"600\" data-id=\"290\" src=\"https:\/\/gregoirecharlier.be\/wp-content\/uploads\/2015\/12\/Ajout-dun-lettrage-en-pierre-bleue-en-relief-sur-un-monument-fun\u00e9raire-Avant.jpg\" alt=\"\" class=\"wp-image-290\" srcset=\"https:\/\/gregoirecharlier.be\/wp-content\/uploads\/2015\/12\/Ajout-dun-lettrage-en-pierre-bleue-en-relief-sur-un-monument-fun\u00e9raire-Avant.jpg 450w, https:\/\/gregoirecharlier.be\/wp-content\/uploads\/2015\/12\/Ajout-dun-lettrage-en-pierre-bleue-en-relief-sur-un-monument-fun\u00e9raire-Avant-225x300.jpg 225w\" sizes=\"auto, (max-width: 450px) 100vw, 450px\" \/><\/figure>\n\n\n\n<figure class=\"wp-block-image size-large\"><img loading=\"lazy\" decoding=\"async\" width=\"450\" height=\"600\" data-id=\"289\" src=\"https:\/\/gregoirecharlier.be\/wp-content\/uploads\/2015\/12\/Ajout-dun-lettrage-en-pierre-bleue-en-relief-sur-un-monument-fun\u00e9raire-Apr\u00e8s.jpg\" alt=\"\" class=\"wp-image-289\" srcset=\"https:\/\/gregoirecharlier.be\/wp-content\/uploads\/2015\/12\/Ajout-dun-lettrage-en-pierre-bleue-en-relief-sur-un-monument-fun\u00e9raire-Apr\u00e8s.jpg 450w, https:\/\/gregoirecharlier.be\/wp-content\/uploads\/2015\/12\/Ajout-dun-lettrage-en-pierre-bleue-en-relief-sur-un-monument-fun\u00e9raire-Apr\u00e8s-225x300.jpg 225w\" sizes=\"auto, (max-width: 450px) 100vw, 450px\" \/><\/figure>\n<\/figure>\n\n\n\n<p>Ajout d&rsquo;une inscription grav\u00e9e sur un monument en pierre bleue. Lettrage en relief.<\/p>\n\n\n\n<figure class=\"wp-block-gallery has-nested-images columns-3 is-cropped wp-block-gallery-11 is-layout-flex wp-block-gallery-is-layout-flex\">\n<figure class=\"wp-block-image size-large\"><img loading=\"lazy\" decoding=\"async\" width=\"450\" height=\"600\" data-id=\"287\" src=\"https:\/\/gregoirecharlier.be\/wp-content\/uploads\/2015\/12\/Ajout-dune-inscription-sur-un-monument-fun\u00e9raire-Avant.jpg\" alt=\"\" class=\"wp-image-287\" srcset=\"https:\/\/gregoirecharlier.be\/wp-content\/uploads\/2015\/12\/Ajout-dune-inscription-sur-un-monument-fun\u00e9raire-Avant.jpg 450w, https:\/\/gregoirecharlier.be\/wp-content\/uploads\/2015\/12\/Ajout-dune-inscription-sur-un-monument-fun\u00e9raire-Avant-225x300.jpg 225w\" sizes=\"auto, (max-width: 450px) 100vw, 450px\" \/><\/figure>\n\n\n\n<figure class=\"wp-block-image size-large\"><img loading=\"lazy\" decoding=\"async\" width=\"450\" height=\"600\" data-id=\"286\" src=\"https:\/\/gregoirecharlier.be\/wp-content\/uploads\/2015\/12\/Ajout-dune-inscription-sur-un-monument-fun\u00e9raire-Apr\u00e8s.jpg\" alt=\"\" class=\"wp-image-286\" srcset=\"https:\/\/gregoirecharlier.be\/wp-content\/uploads\/2015\/12\/Ajout-dune-inscription-sur-un-monument-fun\u00e9raire-Apr\u00e8s.jpg 450w, https:\/\/gregoirecharlier.be\/wp-content\/uploads\/2015\/12\/Ajout-dune-inscription-sur-un-monument-fun\u00e9raire-Apr\u00e8s-225x300.jpg 225w\" sizes=\"auto, (max-width: 450px) 100vw, 450px\" \/><\/figure>\n<\/figure>\n\n\n\n<p>Ajout d&rsquo;une inscription fun\u00e9raire grav\u00e9e sur une st\u00e8le en pierre bleue taill\u00e9e manuellement.<\/p>\n\n\n\n<figure class=\"wp-block-gallery has-nested-images columns-3 is-cropped wp-block-gallery-12 is-layout-flex wp-block-gallery-is-layout-flex\">\n<figure class=\"wp-block-image size-large\"><img loading=\"lazy\" decoding=\"async\" width=\"450\" height=\"600\" data-id=\"284\" src=\"https:\/\/gregoirecharlier.be\/wp-content\/uploads\/2015\/12\/Monument-LAHAYE-PAULUS-Avant.jpg\" alt=\"\" class=\"wp-image-284\" srcset=\"https:\/\/gregoirecharlier.be\/wp-content\/uploads\/2015\/12\/Monument-LAHAYE-PAULUS-Avant.jpg 450w, https:\/\/gregoirecharlier.be\/wp-content\/uploads\/2015\/12\/Monument-LAHAYE-PAULUS-Avant-225x300.jpg 225w\" sizes=\"auto, (max-width: 450px) 100vw, 450px\" \/><\/figure>\n\n\n\n<figure class=\"wp-block-image size-large\"><img loading=\"lazy\" decoding=\"async\" width=\"450\" height=\"600\" data-id=\"283\" src=\"https:\/\/gregoirecharlier.be\/wp-content\/uploads\/2015\/12\/Monument-LAHAYE-PAULUS-Apr\u00e8s.jpg\" alt=\"\" class=\"wp-image-283\" srcset=\"https:\/\/gregoirecharlier.be\/wp-content\/uploads\/2015\/12\/Monument-LAHAYE-PAULUS-Apr\u00e8s.jpg 450w, https:\/\/gregoirecharlier.be\/wp-content\/uploads\/2015\/12\/Monument-LAHAYE-PAULUS-Apr\u00e8s-225x300.jpg 225w\" sizes=\"auto, (max-width: 450px) 100vw, 450px\" \/><\/figure>\n<\/figure>\n\n\n\n<p>Ajout d&rsquo;une plaque en pierre bleue grav\u00e9e d&rsquo;inscriptions fun\u00e9raire sur un monument existant.<\/p>\n\n\n\n<figure class=\"wp-block-gallery has-nested-images columns-3 is-cropped wp-block-gallery-13 is-layout-flex wp-block-gallery-is-layout-flex\">\n<figure class=\"wp-block-image size-large\"><img loading=\"lazy\" decoding=\"async\" width=\"600\" height=\"450\" data-id=\"281\" src=\"https:\/\/gregoirecharlier.be\/wp-content\/uploads\/2015\/12\/Monument-Piette-Avant.jpg\" alt=\"\" class=\"wp-image-281\" srcset=\"https:\/\/gregoirecharlier.be\/wp-content\/uploads\/2015\/12\/Monument-Piette-Avant.jpg 600w, https:\/\/gregoirecharlier.be\/wp-content\/uploads\/2015\/12\/Monument-Piette-Avant-300x225.jpg 300w\" sizes=\"auto, (max-width: 600px) 100vw, 600px\" \/><\/figure>\n\n\n\n<figure class=\"wp-block-image size-large\"><img loading=\"lazy\" decoding=\"async\" width=\"600\" height=\"450\" data-id=\"280\" src=\"https:\/\/gregoirecharlier.be\/wp-content\/uploads\/2015\/12\/Monument-Piette-Apr\u00e8s.jpg\" alt=\"\" class=\"wp-image-280\" srcset=\"https:\/\/gregoirecharlier.be\/wp-content\/uploads\/2015\/12\/Monument-Piette-Apr\u00e8s.jpg 600w, https:\/\/gregoirecharlier.be\/wp-content\/uploads\/2015\/12\/Monument-Piette-Apr\u00e8s-300x225.jpg 300w\" sizes=\"auto, (max-width: 600px) 100vw, 600px\" \/><\/figure>\n<\/figure>\n\n\n\n<p>Ajout d&rsquo;une inscription fun\u00e9raire grav\u00e9e sur une st\u00e8le en pierre bleue. Massette et gravelets.<\/p>\n\n\n\n<figure class=\"wp-block-gallery has-nested-images columns-3 is-cropped wp-block-gallery-14 is-layout-flex wp-block-gallery-is-layout-flex\">\n<figure class=\"wp-block-image size-large\"><img loading=\"lazy\" decoding=\"async\" width=\"600\" height=\"448\" data-id=\"271\" src=\"https:\/\/gregoirecharlier.be\/wp-content\/uploads\/2015\/12\/Nettoyage-et-finition-dun-pupitre-en-pierre-bleue-machin\u00e9-Avant.jpg\" alt=\"\" class=\"wp-image-271\" srcset=\"https:\/\/gregoirecharlier.be\/wp-content\/uploads\/2015\/12\/Nettoyage-et-finition-dun-pupitre-en-pierre-bleue-machin\u00e9-Avant.jpg 600w, https:\/\/gregoirecharlier.be\/wp-content\/uploads\/2015\/12\/Nettoyage-et-finition-dun-pupitre-en-pierre-bleue-machin\u00e9-Avant-300x224.jpg 300w\" sizes=\"auto, (max-width: 600px) 100vw, 600px\" \/><\/figure>\n\n\n\n<figure class=\"wp-block-image size-large\"><img loading=\"lazy\" decoding=\"async\" width=\"600\" height=\"450\" data-id=\"269\" src=\"https:\/\/gregoirecharlier.be\/wp-content\/uploads\/2015\/12\/Nettoyage-et-finition-dun-pupitre-en-pierre-bleue-machin\u00e9-Apr\u00e8s-Vue-1.jpg\" alt=\"\" class=\"wp-image-269\" srcset=\"https:\/\/gregoirecharlier.be\/wp-content\/uploads\/2015\/12\/Nettoyage-et-finition-dun-pupitre-en-pierre-bleue-machin\u00e9-Apr\u00e8s-Vue-1.jpg 600w, https:\/\/gregoirecharlier.be\/wp-content\/uploads\/2015\/12\/Nettoyage-et-finition-dun-pupitre-en-pierre-bleue-machin\u00e9-Apr\u00e8s-Vue-1-300x225.jpg 300w\" sizes=\"auto, (max-width: 600px) 100vw, 600px\" \/><\/figure>\n\n\n\n<figure class=\"wp-block-image size-large\"><img loading=\"lazy\" decoding=\"async\" width=\"600\" height=\"450\" data-id=\"270\" src=\"https:\/\/gregoirecharlier.be\/wp-content\/uploads\/2015\/12\/Nettoyage-et-finition-dun-pupitre-en-pierre-bleue-machin\u00e9-Apr\u00e8s-Vue-2.jpg\" alt=\"\" class=\"wp-image-270\" srcset=\"https:\/\/gregoirecharlier.be\/wp-content\/uploads\/2015\/12\/Nettoyage-et-finition-dun-pupitre-en-pierre-bleue-machin\u00e9-Apr\u00e8s-Vue-2.jpg 600w, https:\/\/gregoirecharlier.be\/wp-content\/uploads\/2015\/12\/Nettoyage-et-finition-dun-pupitre-en-pierre-bleue-machin\u00e9-Apr\u00e8s-Vue-2-300x225.jpg 300w\" sizes=\"auto, (max-width: 600px) 100vw, 600px\" \/><\/figure>\n<\/figure>\n\n\n\n<p>Nettoyage d&rsquo;une st\u00e8le fun\u00e9raire avec une inscription m\u00e9canique en relief. Finition manuelle \u00e0 la petite boucharde.<\/p>\n\n\n\n<figure class=\"wp-block-gallery has-nested-images columns-3 is-cropped wp-block-gallery-15 is-layout-flex wp-block-gallery-is-layout-flex\">\n<figure class=\"wp-block-image size-large\"><img loading=\"lazy\" decoding=\"async\" width=\"600\" height=\"450\" data-id=\"259\" src=\"https:\/\/gregoirecharlier.be\/wp-content\/uploads\/2015\/12\/Reproduction-dune-st\u00e8le-fun\u00e9raire-avec-frise-de-roses-et-croix-orthodoxe-1.jpg\" alt=\"\" class=\"wp-image-259\" srcset=\"https:\/\/gregoirecharlier.be\/wp-content\/uploads\/2015\/12\/Reproduction-dune-st\u00e8le-fun\u00e9raire-avec-frise-de-roses-et-croix-orthodoxe-1.jpg 600w, https:\/\/gregoirecharlier.be\/wp-content\/uploads\/2015\/12\/Reproduction-dune-st\u00e8le-fun\u00e9raire-avec-frise-de-roses-et-croix-orthodoxe-1-300x225.jpg 300w\" sizes=\"auto, (max-width: 600px) 100vw, 600px\" \/><\/figure>\n\n\n\n<figure class=\"wp-block-image size-large\"><img loading=\"lazy\" decoding=\"async\" width=\"600\" height=\"450\" data-id=\"260\" src=\"https:\/\/gregoirecharlier.be\/wp-content\/uploads\/2015\/12\/Reproduction-dune-st\u00e8le-fun\u00e9raire-avec-frise-de-roses-et-croix-orthodoxe-2.jpg\" alt=\"\" class=\"wp-image-260\" srcset=\"https:\/\/gregoirecharlier.be\/wp-content\/uploads\/2015\/12\/Reproduction-dune-st\u00e8le-fun\u00e9raire-avec-frise-de-roses-et-croix-orthodoxe-2.jpg 600w, https:\/\/gregoirecharlier.be\/wp-content\/uploads\/2015\/12\/Reproduction-dune-st\u00e8le-fun\u00e9raire-avec-frise-de-roses-et-croix-orthodoxe-2-300x225.jpg 300w\" sizes=\"auto, (max-width: 600px) 100vw, 600px\" \/><\/figure>\n\n\n\n<figure class=\"wp-block-image size-large\"><img loading=\"lazy\" decoding=\"async\" width=\"600\" height=\"450\" data-id=\"261\" src=\"https:\/\/gregoirecharlier.be\/wp-content\/uploads\/2015\/12\/Reproduction-dune-st\u00e8le-fun\u00e9raire-avec-frise-de-roses-et-croix-orthodoxe-3.jpg\" alt=\"\" class=\"wp-image-261\" srcset=\"https:\/\/gregoirecharlier.be\/wp-content\/uploads\/2015\/12\/Reproduction-dune-st\u00e8le-fun\u00e9raire-avec-frise-de-roses-et-croix-orthodoxe-3.jpg 600w, https:\/\/gregoirecharlier.be\/wp-content\/uploads\/2015\/12\/Reproduction-dune-st\u00e8le-fun\u00e9raire-avec-frise-de-roses-et-croix-orthodoxe-3-300x225.jpg 300w\" sizes=\"auto, (max-width: 600px) 100vw, 600px\" \/><\/figure>\n\n\n\n<figure class=\"wp-block-image size-large\"><img loading=\"lazy\" decoding=\"async\" width=\"600\" height=\"450\" data-id=\"262\" src=\"https:\/\/gregoirecharlier.be\/wp-content\/uploads\/2015\/12\/Reproduction-dune-st\u00e8le-fun\u00e9raire-avec-frise-de-roses-et-croix-orthodoxe-4.jpg\" alt=\"\" class=\"wp-image-262\" srcset=\"https:\/\/gregoirecharlier.be\/wp-content\/uploads\/2015\/12\/Reproduction-dune-st\u00e8le-fun\u00e9raire-avec-frise-de-roses-et-croix-orthodoxe-4.jpg 600w, https:\/\/gregoirecharlier.be\/wp-content\/uploads\/2015\/12\/Reproduction-dune-st\u00e8le-fun\u00e9raire-avec-frise-de-roses-et-croix-orthodoxe-4-300x225.jpg 300w\" sizes=\"auto, (max-width: 600px) 100vw, 600px\" \/><\/figure>\n\n\n\n<figure class=\"wp-block-image size-large\"><img loading=\"lazy\" decoding=\"async\" width=\"600\" height=\"450\" data-id=\"263\" src=\"https:\/\/gregoirecharlier.be\/wp-content\/uploads\/2015\/12\/Reproduction-dune-st\u00e8le-fun\u00e9raire-avec-frise-de-roses-et-croix-orthodoxe-5.jpg\" alt=\"\" class=\"wp-image-263\" srcset=\"https:\/\/gregoirecharlier.be\/wp-content\/uploads\/2015\/12\/Reproduction-dune-st\u00e8le-fun\u00e9raire-avec-frise-de-roses-et-croix-orthodoxe-5.jpg 600w, https:\/\/gregoirecharlier.be\/wp-content\/uploads\/2015\/12\/Reproduction-dune-st\u00e8le-fun\u00e9raire-avec-frise-de-roses-et-croix-orthodoxe-5-300x225.jpg 300w\" sizes=\"auto, (max-width: 600px) 100vw, 600px\" \/><\/figure>\n\n\n\n<figure class=\"wp-block-image size-large\"><img loading=\"lazy\" decoding=\"async\" width=\"600\" height=\"450\" data-id=\"267\" src=\"https:\/\/gregoirecharlier.be\/wp-content\/uploads\/2015\/12\/Reproduction-dune-st\u00e8le-fun\u00e9raire-Original.jpg\" alt=\"\" class=\"wp-image-267\" srcset=\"https:\/\/gregoirecharlier.be\/wp-content\/uploads\/2015\/12\/Reproduction-dune-st\u00e8le-fun\u00e9raire-Original.jpg 600w, https:\/\/gregoirecharlier.be\/wp-content\/uploads\/2015\/12\/Reproduction-dune-st\u00e8le-fun\u00e9raire-Original-300x225.jpg 300w\" sizes=\"auto, (max-width: 600px) 100vw, 600px\" \/><\/figure>\n<\/figure>\n\n\n\n<p>Reproduction d&rsquo;une st\u00e8le fun\u00e9raire en pierre bleue.<\/p>\n\n\n\n<figure class=\"wp-block-gallery has-nested-images columns-3 is-cropped wp-block-gallery-16 is-layout-flex wp-block-gallery-is-layout-flex\">\n<figure class=\"wp-block-image size-large\"><img loading=\"lazy\" decoding=\"async\" width=\"600\" height=\"450\" data-id=\"223\" src=\"https:\/\/gregoirecharlier.be\/wp-content\/uploads\/2014\/07\/Macaluso-Guagliano-Avant.jpg\" alt=\"\" class=\"wp-image-223\" srcset=\"https:\/\/gregoirecharlier.be\/wp-content\/uploads\/2014\/07\/Macaluso-Guagliano-Avant.jpg 600w, https:\/\/gregoirecharlier.be\/wp-content\/uploads\/2014\/07\/Macaluso-Guagliano-Avant-300x225.jpg 300w\" sizes=\"auto, (max-width: 600px) 100vw, 600px\" \/><\/figure>\n\n\n\n<figure class=\"wp-block-image size-large\"><img loading=\"lazy\" decoding=\"async\" width=\"600\" height=\"400\" data-id=\"222\" src=\"https:\/\/gregoirecharlier.be\/wp-content\/uploads\/2014\/07\/Macaluso-Guagliano-Apr\u00e8s.jpg\" alt=\"\" class=\"wp-image-222\" srcset=\"https:\/\/gregoirecharlier.be\/wp-content\/uploads\/2014\/07\/Macaluso-Guagliano-Apr\u00e8s.jpg 600w, https:\/\/gregoirecharlier.be\/wp-content\/uploads\/2014\/07\/Macaluso-Guagliano-Apr\u00e8s-300x200.jpg 300w\" sizes=\"auto, (max-width: 600px) 100vw, 600px\" \/><\/figure>\n<\/figure>\n\n\n\n<p>Ajout d&rsquo;une inscription fun\u00e9raire sur un monument en pierre bleue. Dorure \u00e0 la feuille d&rsquo;or.<\/p>\n\n\n\n<figure class=\"wp-block-gallery has-nested-images columns-3 is-cropped wp-block-gallery-17 is-layout-flex wp-block-gallery-is-layout-flex\">\n<figure class=\"wp-block-image size-large\"><img loading=\"lazy\" decoding=\"async\" width=\"450\" height=\"600\" data-id=\"251\" src=\"https:\/\/gregoirecharlier.be\/wp-content\/uploads\/2014\/10\/Concession-Toussaint-Renard-2.jpg\" alt=\"\" class=\"wp-image-251\" srcset=\"https:\/\/gregoirecharlier.be\/wp-content\/uploads\/2014\/10\/Concession-Toussaint-Renard-2.jpg 450w, https:\/\/gregoirecharlier.be\/wp-content\/uploads\/2014\/10\/Concession-Toussaint-Renard-2-225x300.jpg 225w\" sizes=\"auto, (max-width: 450px) 100vw, 450px\" \/><\/figure>\n\n\n\n<figure class=\"wp-block-image size-large\"><img loading=\"lazy\" decoding=\"async\" width=\"600\" height=\"450\" data-id=\"250\" src=\"https:\/\/gregoirecharlier.be\/wp-content\/uploads\/2014\/10\/Concession-Toussaint-Renard-1.jpg\" alt=\"\" class=\"wp-image-250\" srcset=\"https:\/\/gregoirecharlier.be\/wp-content\/uploads\/2014\/10\/Concession-Toussaint-Renard-1.jpg 600w, https:\/\/gregoirecharlier.be\/wp-content\/uploads\/2014\/10\/Concession-Toussaint-Renard-1-300x225.jpg 300w\" sizes=\"auto, (max-width: 600px) 100vw, 600px\" \/><\/figure>\n<\/figure>\n\n\n\n<p>Ajout d&rsquo;une inscription fun\u00e9raire grav\u00e9e en relief sur un monument en pierre bleue.<\/p>\n\n\n\n<figure class=\"wp-block-gallery has-nested-images columns-3 is-cropped wp-block-gallery-18 is-layout-flex wp-block-gallery-is-layout-flex\">\n<figure class=\"wp-block-image size-large\"><img loading=\"lazy\" decoding=\"async\" width=\"450\" height=\"600\" data-id=\"227\" src=\"https:\/\/gregoirecharlier.be\/wp-content\/uploads\/2014\/09\/Caveau-Soukin-Buxin-avant.jpg\" alt=\"\" class=\"wp-image-227\" srcset=\"https:\/\/gregoirecharlier.be\/wp-content\/uploads\/2014\/09\/Caveau-Soukin-Buxin-avant.jpg 450w, https:\/\/gregoirecharlier.be\/wp-content\/uploads\/2014\/09\/Caveau-Soukin-Buxin-avant-225x300.jpg 225w\" sizes=\"auto, (max-width: 450px) 100vw, 450px\" \/><\/figure>\n\n\n\n<figure class=\"wp-block-image size-large\"><img loading=\"lazy\" decoding=\"async\" width=\"450\" height=\"600\" data-id=\"226\" src=\"https:\/\/gregoirecharlier.be\/wp-content\/uploads\/2014\/09\/Caveau-Soukin-Buxin-apr\u00e8s.jpg\" alt=\"\" class=\"wp-image-226\" srcset=\"https:\/\/gregoirecharlier.be\/wp-content\/uploads\/2014\/09\/Caveau-Soukin-Buxin-apr\u00e8s.jpg 450w, https:\/\/gregoirecharlier.be\/wp-content\/uploads\/2014\/09\/Caveau-Soukin-Buxin-apr\u00e8s-225x300.jpg 225w\" sizes=\"auto, (max-width: 450px) 100vw, 450px\" \/><\/figure>\n<\/figure>\n\n\n\n<p>Rechampissage des inscriptions fun\u00e9raires sur un monument en pierre bleue.<\/p>\n\n\n\n<figure class=\"wp-block-gallery has-nested-images columns-3 is-cropped wp-block-gallery-19 is-layout-flex wp-block-gallery-is-layout-flex\">\n<figure class=\"wp-block-image size-large\"><img loading=\"lazy\" decoding=\"async\" width=\"600\" height=\"450\" data-id=\"134\" src=\"https:\/\/gregoirecharlier.be\/wp-content\/uploads\/2013\/10\/Plaque-Vanden-Bemden.jpg\" alt=\"\" class=\"wp-image-134\" srcset=\"https:\/\/gregoirecharlier.be\/wp-content\/uploads\/2013\/10\/Plaque-Vanden-Bemden.jpg 600w, https:\/\/gregoirecharlier.be\/wp-content\/uploads\/2013\/10\/Plaque-Vanden-Bemden-300x225.jpg 300w\" sizes=\"auto, (max-width: 600px) 100vw, 600px\" \/><\/figure>\n\n\n\n<figure class=\"wp-block-image size-large\"><img loading=\"lazy\" decoding=\"async\" width=\"600\" height=\"450\" data-id=\"131\" src=\"https:\/\/gregoirecharlier.be\/wp-content\/uploads\/2013\/10\/Plaque-Fun\u00e9raire-Gosuin.jpg\" alt=\"\" class=\"wp-image-131\" srcset=\"https:\/\/gregoirecharlier.be\/wp-content\/uploads\/2013\/10\/Plaque-Fun\u00e9raire-Gosuin.jpg 600w, https:\/\/gregoirecharlier.be\/wp-content\/uploads\/2013\/10\/Plaque-Fun\u00e9raire-Gosuin-300x225.jpg 300w\" sizes=\"auto, (max-width: 600px) 100vw, 600px\" \/><\/figure>\n\n\n\n<figure class=\"wp-block-image size-large\"><img loading=\"lazy\" decoding=\"async\" width=\"600\" height=\"450\" data-id=\"130\" src=\"https:\/\/gregoirecharlier.be\/wp-content\/uploads\/2013\/10\/Les-Epoux-Gilson.jpg\" alt=\"\" class=\"wp-image-130\" srcset=\"https:\/\/gregoirecharlier.be\/wp-content\/uploads\/2013\/10\/Les-Epoux-Gilson.jpg 600w, https:\/\/gregoirecharlier.be\/wp-content\/uploads\/2013\/10\/Les-Epoux-Gilson-300x225.jpg 300w\" sizes=\"auto, (max-width: 600px) 100vw, 600px\" \/><\/figure>\n\n\n\n<figure class=\"wp-block-image size-large\"><img loading=\"lazy\" decoding=\"async\" width=\"600\" height=\"400\" data-id=\"140\" src=\"https:\/\/gregoirecharlier.be\/wp-content\/uploads\/2013\/10\/St\u00e8le-Dubois.jpg\" alt=\"\" class=\"wp-image-140\" srcset=\"https:\/\/gregoirecharlier.be\/wp-content\/uploads\/2013\/10\/St\u00e8le-Dubois.jpg 600w, https:\/\/gregoirecharlier.be\/wp-content\/uploads\/2013\/10\/St\u00e8le-Dubois-300x200.jpg 300w\" sizes=\"auto, (max-width: 600px) 100vw, 600px\" \/><\/figure>\n<\/figure>\n\n\n\n<p>Gravures sur st\u00e8les fun\u00e9raires en pierre bleue et granit. Finitions bouchard\u00e9 fin, adouci bleu, piquet\u00e9 et piquet\u00e9 fin.<\/p>\n","protected":false},"excerpt":{"rendered":"<p>Gravure fun\u00e9raire sur monument en granit &#8211; Avant\/Apr\u00e8s. Gravure fun\u00e9raire sur st\u00e8le sur st\u00e8le en pierre bleue. Restauration du lettrage [&hellip;]<\/p>\n","protected":false},"author":1,"featured_media":0,"parent":531,"menu_order":0,"comment_status":"closed","ping_status":"closed","template":"","meta":{"site-sidebar-layout":"default","site-content-layout":"","ast-site-content-layout":"default","site-content-style":"default","site-sidebar-style":"default","ast-global-header-display":"","ast-banner-title-visibility":"","ast-main-header-display":"","ast-hfb-above-header-display":"","ast-hfb-below-header-display":"","ast-hfb-mobile-header-display":"","site-post-title":"","ast-breadcrumbs-content":"","ast-featured-img":"","footer-sml-layout":"","theme-transparent-header-meta":"","adv-header-id-meta":"","stick-header-meta":"","header-above-stick-meta":"","header-main-stick-meta":"","header-below-stick-meta":"","astra-migrate-meta-layouts":"default","ast-page-background-enabled":"default","ast-page-background-meta":{"desktop":{"background-color":"var(--ast-global-color-5)","background-image":"","background-repeat":"repeat","background-position":"center center","background-size":"auto","background-attachment":"scroll","background-type":"","background-media":"","overlay-type":"","overlay-color":"","overlay-opacity":"","overlay-gradient":""},"tablet":{"background-color":"","background-image":"","background-repeat":"repeat","background-position":"center center","background-size":"auto","background-attachment":"scroll","background-type":"","background-media":"","overlay-type":"","overlay-color":"","overlay-opacity":"","overlay-gradient":""},"mobile":{"background-color":"","background-image":"","background-repeat":"repeat","background-position":"center center","background-size":"auto","background-attachment":"scroll","background-type":"","background-media":"","overlay-type":"","overlay-color":"","overlay-opacity":"","overlay-gradient":""}},"ast-content-background-meta":{"desktop":{"background-color":"var(--ast-global-color-4)","background-image":"","background-repeat":"repeat","background-position":"center center","background-size":"auto","background-attachment":"scroll","background-type":"","background-media":"","overlay-type":"","overlay-color":"","overlay-opacity":"","overlay-gradient":""},"tablet":{"background-color":"var(--ast-global-color-4)","background-image":"","background-repeat":"repeat","background-position":"center center","background-size":"auto","background-attachment":"scroll","background-type":"","background-media":"","overlay-type":"","overlay-color":"","overlay-opacity":"","overlay-gradient":""},"mobile":{"background-color":"var(--ast-global-color-4)","background-image":"","background-repeat":"repeat","background-position":"center center","background-size":"auto","background-attachment":"scroll","background-type":"","background-media":"","overlay-type":"","overlay-color":"","overlay-opacity":"","overlay-gradient":""}},"footnotes":""},"class_list":["post-114","page","type-page","status-publish","hentry"],"yoast_head":"<!-- This site is optimized with the Yoast SEO plugin v27.5 - https:\/\/yoast.com\/product\/yoast-seo-wordpress\/ -->\n<title>Fun\u00e9raire - Gr\u00e9goire Charlier<\/title>\n<meta name=\"description\" content=\"Explorez les techniques de gravures fun\u00e9raires, de la st\u00e8le en pierre bleue \u00e0 la dorure \u00e0 la feuille d&#039;or sur monuments.\" \/>\n<meta name=\"robots\" content=\"index, follow, max-snippet:-1, max-image-preview:large, max-video-preview:-1\" \/>\n<link rel=\"canonical\" href=\"https:\/\/gregoirecharlier.be\/?page_id=114\" \/>\n<meta property=\"og:locale\" content=\"fr_FR\" \/>\n<meta property=\"og:type\" content=\"article\" \/>\n<meta property=\"og:title\" content=\"Fun\u00e9raire - Gr\u00e9goire Charlier\" \/>\n<meta property=\"og:description\" content=\"Explorez les techniques de gravures fun\u00e9raires, de la st\u00e8le en pierre bleue \u00e0 la dorure \u00e0 la feuille d&#039;or sur monuments.\" \/>\n<meta property=\"og:url\" content=\"https:\/\/gregoirecharlier.be\/?page_id=114\" \/>\n<meta property=\"og:site_name\" content=\"Gr\u00e9goire Charlier\" \/>\n<meta property=\"article:modified_time\" content=\"2025-07-31T13:47:24+00:00\" \/>\n<meta property=\"og:image\" content=\"https:\/\/gregoirecharlier.be\/wp-content\/uploads\/2018\/04\/Gravure-sur-granit-dur-avant.jpg\" \/>\n<meta name=\"twitter:card\" content=\"summary_large_image\" \/>\n<meta name=\"twitter:label1\" content=\"Dur\u00e9e de lecture estim\u00e9e\" \/>\n\t<meta name=\"twitter:data1\" content=\"12 minutes\" \/>\n<script type=\"application\/ld+json\" class=\"yoast-schema-graph\">{\"@context\":\"https:\\\/\\\/schema.org\",\"@graph\":[{\"@type\":\"WebPage\",\"@id\":\"https:\\\/\\\/gregoirecharlier.be\\\/?page_id=114\",\"url\":\"https:\\\/\\\/gregoirecharlier.be\\\/?page_id=114\",\"name\":\"Fun\u00e9raire - Gr\u00e9goire Charlier\",\"isPartOf\":{\"@id\":\"https:\\\/\\\/gregoirecharlier.be\\\/#website\"},\"primaryImageOfPage\":{\"@id\":\"https:\\\/\\\/gregoirecharlier.be\\\/?page_id=114#primaryimage\"},\"image\":{\"@id\":\"https:\\\/\\\/gregoirecharlier.be\\\/?page_id=114#primaryimage\"},\"thumbnailUrl\":\"https:\\\/\\\/gregoirecharlier.be\\\/wp-content\\\/uploads\\\/2018\\\/04\\\/Gravure-sur-granit-dur-avant.jpg\",\"datePublished\":\"2013-10-13T22:39:06+00:00\",\"dateModified\":\"2025-07-31T13:47:24+00:00\",\"description\":\"Explorez les techniques de gravures fun\u00e9raires, de la st\u00e8le en pierre bleue \u00e0 la dorure \u00e0 la feuille d'or sur monuments.\",\"breadcrumb\":{\"@id\":\"https:\\\/\\\/gregoirecharlier.be\\\/?page_id=114#breadcrumb\"},\"inLanguage\":\"fr-FR\",\"potentialAction\":[{\"@type\":\"ReadAction\",\"target\":[\"https:\\\/\\\/gregoirecharlier.be\\\/?page_id=114\"]}]},{\"@type\":\"ImageObject\",\"inLanguage\":\"fr-FR\",\"@id\":\"https:\\\/\\\/gregoirecharlier.be\\\/?page_id=114#primaryimage\",\"url\":\"https:\\\/\\\/gregoirecharlier.be\\\/wp-content\\\/uploads\\\/2018\\\/04\\\/Gravure-sur-granit-dur-avant.jpg\",\"contentUrl\":\"https:\\\/\\\/gregoirecharlier.be\\\/wp-content\\\/uploads\\\/2018\\\/04\\\/Gravure-sur-granit-dur-avant.jpg\",\"width\":450,\"height\":600,\"caption\":\"Gravure sur granit dur - avant\"},{\"@type\":\"BreadcrumbList\",\"@id\":\"https:\\\/\\\/gregoirecharlier.be\\\/?page_id=114#breadcrumb\",\"itemListElement\":[{\"@type\":\"ListItem\",\"position\":1,\"name\":\"Accueil\",\"item\":\"https:\\\/\\\/gregoirecharlier.be\\\/\"},{\"@type\":\"ListItem\",\"position\":2,\"name\":\"GALERIES\",\"item\":\"https:\\\/\\\/gregoirecharlier.be\\\/?page_id=531\"},{\"@type\":\"ListItem\",\"position\":3,\"name\":\"Fun\u00e9raire\"}]},{\"@type\":\"WebSite\",\"@id\":\"https:\\\/\\\/gregoirecharlier.be\\\/#website\",\"url\":\"https:\\\/\\\/gregoirecharlier.be\\\/\",\"name\":\"Gr\u00e9goire Charlier - GCStones - Sculpture, gravure et taille de pierre\",\"description\":\"\",\"publisher\":{\"@id\":\"https:\\\/\\\/gregoirecharlier.be\\\/#\\\/schema\\\/person\\\/aef19a7a961f4b27d00d2e33b6b92908\"},\"potentialAction\":[{\"@type\":\"SearchAction\",\"target\":{\"@type\":\"EntryPoint\",\"urlTemplate\":\"https:\\\/\\\/gregoirecharlier.be\\\/?s={search_term_string}\"},\"query-input\":{\"@type\":\"PropertyValueSpecification\",\"valueRequired\":true,\"valueName\":\"search_term_string\"}}],\"inLanguage\":\"fr-FR\"},{\"@type\":[\"Person\",\"Organization\"],\"@id\":\"https:\\\/\\\/gregoirecharlier.be\\\/#\\\/schema\\\/person\\\/aef19a7a961f4b27d00d2e33b6b92908\",\"name\":\"Gr\u00e9goire Charlier\",\"image\":{\"@type\":\"ImageObject\",\"inLanguage\":\"fr-FR\",\"@id\":\"https:\\\/\\\/gregoirecharlier.be\\\/wp-content\\\/uploads\\\/2018\\\/04\\\/cropped-Greg2018_autocollant_400x300_corr.jpg\",\"url\":\"https:\\\/\\\/gregoirecharlier.be\\\/wp-content\\\/uploads\\\/2018\\\/04\\\/cropped-Greg2018_autocollant_400x300_corr.jpg\",\"contentUrl\":\"https:\\\/\\\/gregoirecharlier.be\\\/wp-content\\\/uploads\\\/2018\\\/04\\\/cropped-Greg2018_autocollant_400x300_corr.jpg\",\"width\":2000,\"height\":1500,\"caption\":\"Gr\u00e9goire Charlier\"},\"logo\":{\"@id\":\"https:\\\/\\\/gregoirecharlier.be\\\/wp-content\\\/uploads\\\/2018\\\/04\\\/cropped-Greg2018_autocollant_400x300_corr.jpg\"},\"sameAs\":[\"http:\\\/\\\/www.gregoirecharlier.be\"]}]}<\/script>\n<!-- \/ Yoast SEO plugin. -->","yoast_head_json":{"title":"Fun\u00e9raire - Gr\u00e9goire Charlier","description":"Explorez les techniques de gravures fun\u00e9raires, de la st\u00e8le en pierre bleue \u00e0 la dorure \u00e0 la feuille d'or sur monuments.","robots":{"index":"index","follow":"follow","max-snippet":"max-snippet:-1","max-image-preview":"max-image-preview:large","max-video-preview":"max-video-preview:-1"},"canonical":"https:\/\/gregoirecharlier.be\/?page_id=114","og_locale":"fr_FR","og_type":"article","og_title":"Fun\u00e9raire - Gr\u00e9goire Charlier","og_description":"Explorez les techniques de gravures fun\u00e9raires, de la st\u00e8le en pierre bleue \u00e0 la dorure \u00e0 la feuille d'or sur monuments.","og_url":"https:\/\/gregoirecharlier.be\/?page_id=114","og_site_name":"Gr\u00e9goire Charlier","article_modified_time":"2025-07-31T13:47:24+00:00","og_image":[{"url":"https:\/\/gregoirecharlier.be\/wp-content\/uploads\/2018\/04\/Gravure-sur-granit-dur-avant.jpg","type":"","width":"","height":""}],"twitter_card":"summary_large_image","twitter_misc":{"Dur\u00e9e de lecture estim\u00e9e":"12 minutes"},"schema":{"@context":"https:\/\/schema.org","@graph":[{"@type":"WebPage","@id":"https:\/\/gregoirecharlier.be\/?page_id=114","url":"https:\/\/gregoirecharlier.be\/?page_id=114","name":"Fun\u00e9raire - Gr\u00e9goire Charlier","isPartOf":{"@id":"https:\/\/gregoirecharlier.be\/#website"},"primaryImageOfPage":{"@id":"https:\/\/gregoirecharlier.be\/?page_id=114#primaryimage"},"image":{"@id":"https:\/\/gregoirecharlier.be\/?page_id=114#primaryimage"},"thumbnailUrl":"https:\/\/gregoirecharlier.be\/wp-content\/uploads\/2018\/04\/Gravure-sur-granit-dur-avant.jpg","datePublished":"2013-10-13T22:39:06+00:00","dateModified":"2025-07-31T13:47:24+00:00","description":"Explorez les techniques de gravures fun\u00e9raires, de la st\u00e8le en pierre bleue \u00e0 la dorure \u00e0 la feuille d'or sur monuments.","breadcrumb":{"@id":"https:\/\/gregoirecharlier.be\/?page_id=114#breadcrumb"},"inLanguage":"fr-FR","potentialAction":[{"@type":"ReadAction","target":["https:\/\/gregoirecharlier.be\/?page_id=114"]}]},{"@type":"ImageObject","inLanguage":"fr-FR","@id":"https:\/\/gregoirecharlier.be\/?page_id=114#primaryimage","url":"https:\/\/gregoirecharlier.be\/wp-content\/uploads\/2018\/04\/Gravure-sur-granit-dur-avant.jpg","contentUrl":"https:\/\/gregoirecharlier.be\/wp-content\/uploads\/2018\/04\/Gravure-sur-granit-dur-avant.jpg","width":450,"height":600,"caption":"Gravure sur granit dur - avant"},{"@type":"BreadcrumbList","@id":"https:\/\/gregoirecharlier.be\/?page_id=114#breadcrumb","itemListElement":[{"@type":"ListItem","position":1,"name":"Accueil","item":"https:\/\/gregoirecharlier.be\/"},{"@type":"ListItem","position":2,"name":"GALERIES","item":"https:\/\/gregoirecharlier.be\/?page_id=531"},{"@type":"ListItem","position":3,"name":"Fun\u00e9raire"}]},{"@type":"WebSite","@id":"https:\/\/gregoirecharlier.be\/#website","url":"https:\/\/gregoirecharlier.be\/","name":"Gr\u00e9goire Charlier - GCStones - Sculpture, gravure et taille de pierre","description":"","publisher":{"@id":"https:\/\/gregoirecharlier.be\/#\/schema\/person\/aef19a7a961f4b27d00d2e33b6b92908"},"potentialAction":[{"@type":"SearchAction","target":{"@type":"EntryPoint","urlTemplate":"https:\/\/gregoirecharlier.be\/?s={search_term_string}"},"query-input":{"@type":"PropertyValueSpecification","valueRequired":true,"valueName":"search_term_string"}}],"inLanguage":"fr-FR"},{"@type":["Person","Organization"],"@id":"https:\/\/gregoirecharlier.be\/#\/schema\/person\/aef19a7a961f4b27d00d2e33b6b92908","name":"Gr\u00e9goire Charlier","image":{"@type":"ImageObject","inLanguage":"fr-FR","@id":"https:\/\/gregoirecharlier.be\/wp-content\/uploads\/2018\/04\/cropped-Greg2018_autocollant_400x300_corr.jpg","url":"https:\/\/gregoirecharlier.be\/wp-content\/uploads\/2018\/04\/cropped-Greg2018_autocollant_400x300_corr.jpg","contentUrl":"https:\/\/gregoirecharlier.be\/wp-content\/uploads\/2018\/04\/cropped-Greg2018_autocollant_400x300_corr.jpg","width":2000,"height":1500,"caption":"Gr\u00e9goire Charlier"},"logo":{"@id":"https:\/\/gregoirecharlier.be\/wp-content\/uploads\/2018\/04\/cropped-Greg2018_autocollant_400x300_corr.jpg"},"sameAs":["http:\/\/www.gregoirecharlier.be"]}]}},"_links":{"self":[{"href":"https:\/\/gregoirecharlier.be\/index.php?rest_route=\/wp\/v2\/pages\/114","targetHints":{"allow":["GET"]}}],"collection":[{"href":"https:\/\/gregoirecharlier.be\/index.php?rest_route=\/wp\/v2\/pages"}],"about":[{"href":"https:\/\/gregoirecharlier.be\/index.php?rest_route=\/wp\/v2\/types\/page"}],"author":[{"embeddable":true,"href":"https:\/\/gregoirecharlier.be\/index.php?rest_route=\/wp\/v2\/users\/1"}],"replies":[{"embeddable":true,"href":"https:\/\/gregoirecharlier.be\/index.php?rest_route=%2Fwp%2Fv2%2Fcomments&post=114"}],"version-history":[{"count":30,"href":"https:\/\/gregoirecharlier.be\/index.php?rest_route=\/wp\/v2\/pages\/114\/revisions"}],"predecessor-version":[{"id":589,"href":"https:\/\/gregoirecharlier.be\/index.php?rest_route=\/wp\/v2\/pages\/114\/revisions\/589"}],"up":[{"embeddable":true,"href":"https:\/\/gregoirecharlier.be\/index.php?rest_route=\/wp\/v2\/pages\/531"}],"wp:attachment":[{"href":"https:\/\/gregoirecharlier.be\/index.php?rest_route=%2Fwp%2Fv2%2Fmedia&parent=114"}],"curies":[{"name":"wp","href":"https:\/\/api.w.org\/{rel}","templated":true}]}}